{"id":4846,"date":"2024-02-06T20:37:30","date_gmt":"2024-02-06T19:37:30","guid":{"rendered":"https:\/\/fanfareuid.ch\/wordpress\/?page_id=4846"},"modified":"2026-05-06T21:05:29","modified_gmt":"2026-05-06T19:05:29","slug":"lutins-musiciens","status":"publish","type":"page","link":"https:\/\/fanfareuid.ch\/wordpress\/lutins-musiciens\/","title":{"rendered":"LES LUTINS MUSICIENS"},"content":{"rendered":"<p><section data-bb-version=\"4.8.8\" id=\"bt_bb_section6a968dce47026\" class=\"bt_bb_section bt_bb_layout_boxed_1000 bt_bb_vertical_align_top bt_bb_top_spacing_none bt_bb_bottom_spacing_none bt_bb_negative_margin_\"  data-bt-override-class=\"{&quot;bt_bb_top_spacing_&quot;:{&quot;current_class&quot;:&quot;bt_bb_top_spacing_none&quot;,&quot;def&quot;:&quot;none&quot;},&quot;bt_bb_bottom_spacing_&quot;:{&quot;current_class&quot;:&quot;bt_bb_bottom_spacing_none&quot;,&quot;def&quot;:&quot;none&quot;},&quot;bt_bb_negative_margin_&quot;:{&quot;current_class&quot;:&quot;bt_bb_negative_margin_&quot;,&quot;def&quot;:&quot;&quot;}}\"><div class=\"bt_bb_port\"><div class=\"bt_bb_cell\"><div class=\"bt_bb_cell_inner\"><div class=\"bt_bb_row \"  data-bt-override-class=\"{}\"><div class=\"bt_bb_row_holder\" ><div data-bb-version=\"4.7.6\"  class=\"bt_bb_column col-xxl-12 col-xl-12 col-xs-12 col-sm-12 col-md-12 col-lg-12 bt_bb_vertical_align_top bt_bb_align_center bt_bb_padding_normal\" style=\"; --column-width:12;\" data-width=\"12\" data-bt-override-class=\"{&quot;bt_bb_align_&quot;:{&quot;current_class&quot;:&quot;bt_bb_align_center&quot;,&quot;def&quot;:&quot;center&quot;},&quot;bt_bb_padding_&quot;:{&quot;current_class&quot;:&quot;bt_bb_padding_normal&quot;,&quot;def&quot;:&quot;normal&quot;}}\"><div class=\"bt_bb_column_content\"><div class=\"bt_bb_column_content_inner\"><div data-bb-version=\"4.7.6\" class=\"bt_bb_image bt_bb_shape_square bt_bb_align_inherit bt_bb_hover_style_simple bt_bb_content_display_always bt_bb_content_align_middle bt_bb_remove_padding_yes bt_bb_fill_background_color_full\" data-bt-override-class=\"{&quot;bt_bb_align_&quot;:{&quot;current_class&quot;:&quot;bt_bb_align_inherit&quot;,&quot;def&quot;:&quot;inherit&quot;}}\"><span><img src = \"https:\/\/fanfareuid.ch\/wordpress\/wp-content\/plugins\/bold-page-builder\/img\/blank.gif\" data-full_image_src=\"https:\/\/fanfareuid.ch\/wordpress\/wp-content\/uploads\/2024\/02\/Plan-de-travail-1-1.png\" data-image_src=\"https:\/\/fanfareuid.ch\/wordpress\/wp-content\/uploads\/2024\/02\/Plan-de-travail-1-1.png\" title=\"Logo Lutins Musiciens\" alt=\"https:\/\/fanfareuid.ch\/wordpress\/wp-content\/uploads\/2024\/02\/Plan-de-travail-1-1.png\" class=\"btLazyLoadImage\"><\/span><\/div><\/div><\/div><\/div><\/div><\/div><\/div><!-- cell_inner --><\/div><!-- cell --><\/div><!-- port --><\/section><section data-bb-version=\"4.7.6\" id=\"bt_bb_section6a968dce47baa\" class=\"bt_bb_section bt_bb_layout_boxed_1200\"  data-bt-override-class=\"null\"><div class=\"bt_bb_port\"><div class=\"bt_bb_cell\"><div class=\"bt_bb_cell_inner\"><div class=\"bt_bb_row \"  data-bt-override-class=\"{}\"><div class=\"bt_bb_row_holder\" ><div data-bb-version=\"4.8.8\"  class=\"bt_bb_column col-xxl-6 col-xl-6 col-xs-12 col-sm-6 col-md-6 col-lg-6 bt_bb_vertical_align_top bt_bb_align_center bt_bb_padding_normal\" style=\"; --column-width:6;\" data-width=\"6\" data-bt-override-class=\"{&quot;bt_bb_align_&quot;:{&quot;current_class&quot;:&quot;bt_bb_align_center&quot;,&quot;def&quot;:&quot;center&quot;},&quot;bt_bb_padding_&quot;:{&quot;current_class&quot;:&quot;bt_bb_padding_normal&quot;,&quot;def&quot;:&quot;normal&quot;}}\"><div class=\"bt_bb_column_content\"><div class=\"bt_bb_column_content_inner\"><div data-bb-version=\"4.7.6\"  class=\"bt_bb_text\" ><\/p>\n<h3>Jardin musical<\/h3>\n<p><span style=\"color: #333333;\">Pour le semestre de janvier \u00e0 juin 2026, <span style=\"color: #ffcc00;\">4 \u00a0classes sont ouvertes<\/span> !<\/span><\/p>\n<p>\n<\/div><div data-bb-version=\"5.7.0\" class=\"bt_bb_separator bt_bb_border_style_none bt_bb_top_spacing_10 bt_bb_bottom_spacing_\" data-bt-override-class=\"{&quot;bt_bb_top_spacing_&quot;:{&quot;current_class&quot;:&quot;bt_bb_top_spacing_10&quot;,&quot;def&quot;:&quot;10&quot;},&quot;bt_bb_bottom_spacing_&quot;:{&quot;current_class&quot;:&quot;bt_bb_bottom_spacing_&quot;,&quot;def&quot;:&quot;&quot;}}\"><\/div><div data-bb-version=\"5.7.0\" class=\"bt_bb_button bt_bb_color_scheme_5 bt_bb_icon_position_left bt_bb_style_with_huge_icon bt_bb_size_small bt_bb_width_inline bt_bb_shape_rounded bt_bb_target_blank bt_bb_font_weight_bold bt_bb_text_transform_inherit bt_bb_align_center bt_bb_icon_color_scheme_5\" style=\"; --primary-color:#000000; --secondary-color:#f0be19;; --icon-primary-color:#000000; --icon-secondary-color:#f0be19;\" data-bt-override-class=\"{&quot;bt_bb_size_&quot;:{&quot;current_class&quot;:&quot;bt_bb_size_small&quot;,&quot;def&quot;:&quot;small&quot;},&quot;bt_bb_width_&quot;:{&quot;current_class&quot;:&quot;bt_bb_width_inline&quot;,&quot;def&quot;:&quot;inline&quot;},&quot;bt_bb_align_&quot;:{&quot;current_class&quot;:&quot;bt_bb_align_center&quot;,&quot;def&quot;:&quot;center&quot;},&quot;bt_bb_animation_&quot;:{&quot;current_class&quot;:&quot;bt_bb_animation_no_animation&quot;,&quot;def&quot;:&quot;no_animation&quot;}}\"><a href=\"https:\/\/forms.gle\/62uwX92sA5RTzwZy5\" target=\"_blank\" class=\"bt_bb_link\" title=\"INSCRIPTION AU 1E SEMESTRE 2026-27\"><span class=\"bt_bb_button_text\" >INSCRIPTION AU 1E SEMESTRE 2026-27<\/span><span  data-ico-fontawesome=\"&#xf298;\" class=\"bt_bb_icon_holder\"><\/span><\/a><\/div><div data-bb-version=\"5.7.0\" class=\"bt_bb_separator bt_bb_border_style_none bt_bb_top_spacing_10 bt_bb_bottom_spacing_\" data-bt-override-class=\"{&quot;bt_bb_top_spacing_&quot;:{&quot;current_class&quot;:&quot;bt_bb_top_spacing_10&quot;,&quot;def&quot;:&quot;10&quot;},&quot;bt_bb_bottom_spacing_&quot;:{&quot;current_class&quot;:&quot;bt_bb_bottom_spacing_&quot;,&quot;def&quot;:&quot;&quot;}}\"><\/div><div data-bb-version=\"4.7.6\" class=\"bt_bb_image bt_bb_shape_square bt_bb_align_inherit bt_bb_hover_style_simple bt_bb_content_display_always bt_bb_content_align_middle bt_bb_remove_padding_yes bt_bb_fill_background_color_full\" data-bt-override-class=\"{&quot;bt_bb_align_&quot;:{&quot;current_class&quot;:&quot;bt_bb_align_inherit&quot;,&quot;def&quot;:&quot;inherit&quot;}}\"><span><img src = \"https:\/\/fanfareuid.ch\/wordpress\/wp-content\/plugins\/bold-page-builder\/img\/blank.gif\" data-full_image_src=\"https:\/\/fanfareuid.ch\/wordpress\/wp-content\/uploads\/2024\/02\/Fichier-1Couleur.png\" data-image_src=\"https:\/\/fanfareuid.ch\/wordpress\/wp-content\/uploads\/2024\/02\/Fichier-1Couleur-640x414.png\" title=\"Pr\u00e9sentation jardin musical\" alt=\"https:\/\/fanfareuid.ch\/wordpress\/wp-content\/uploads\/2024\/02\/Fichier-1Couleur-640x414.png\" class=\"btLazyLoadImage\"><\/span><\/div><div data-bb-version=\"5.4.7\" class=\"bt_bb_separator bt_bb_border_style_none bt_bb_top_spacing_ bt_bb_bottom_spacing_10\" data-bt-override-class=\"{&quot;bt_bb_top_spacing_&quot;:{&quot;current_class&quot;:&quot;bt_bb_top_spacing_&quot;,&quot;def&quot;:&quot;&quot;},&quot;bt_bb_bottom_spacing_&quot;:{&quot;current_class&quot;:&quot;bt_bb_bottom_spacing_10&quot;,&quot;def&quot;:&quot;10&quot;}}\"><\/div><div data-bb-version=\"4.7.6\"  class=\"bt_bb_text\" ><\/p>\n<ul>\n<li style=\"text-align: left;\">Horaires :\n<ul>\n<li style=\"text-align: left;\">Mardi de 16h \u00e0 17h (go\u00fbter inclus)<\/li>\n<li style=\"text-align: left;\">Mardi de 17h15 \u00e0 18h<\/li>\n<li style=\"text-align: left;\">Jeudi de 16h \u00e0 17h (go\u00fbter inclus)<\/li>\n<li>Jeudi de 17h15 \u00e0 18h<\/li>\n<\/ul>\n<\/li>\n<li style=\"text-align: left;\">Fr\u00e9quence : 1 fois par semaine (hors vacances scolaires)<\/li>\n<li style=\"text-align: left;\">Semestre d\u2019automne : ao\u00fbt \u00e0 janvier (d\u00e9lai d\u2019inscription au 30 juin)<\/li>\n<li style=\"text-align: left;\">Semestre de printemps : f\u00e9vrier \u00e0 juillet (d\u00e9lai d\u2019inscription au 30 novembre)<\/li>\n<li style=\"text-align: left;\">Prix : 120.- CHF par enfant pour un semestre<\/li>\n<li style=\"text-align: left;\">Lieu : Local UID, Rue du Temple 31, 2800 Del\u00e9mont<\/li>\n<\/ul>\n<p>\n<\/div><div data-bb-version=\"5.4.7\" class=\"bt_bb_separator bt_bb_border_style_none bt_bb_top_spacing_ bt_bb_bottom_spacing_10\" data-bt-override-class=\"{&quot;bt_bb_top_spacing_&quot;:{&quot;current_class&quot;:&quot;bt_bb_top_spacing_&quot;,&quot;def&quot;:&quot;&quot;},&quot;bt_bb_bottom_spacing_&quot;:{&quot;current_class&quot;:&quot;bt_bb_bottom_spacing_10&quot;,&quot;def&quot;:&quot;10&quot;}}\"><\/div><div data-bb-version=\"4.7.6\"  class=\"bt_bb_text\" ><\/p>\n<h3>Les animatrices<\/h3>\n<p>\n<\/div><div data-bb-version=\"4.7.6\" class=\"bt_bb_image bt_bb_shape_square bt_bb_align_inherit bt_bb_hover_style_simple bt_bb_content_display_always bt_bb_content_align_middle bt_bb_remove_padding_yes bt_bb_fill_background_color_full\" data-bt-override-class=\"{&quot;bt_bb_align_&quot;:{&quot;current_class&quot;:&quot;bt_bb_align_inherit&quot;,&quot;def&quot;:&quot;inherit&quot;}}\"><span><img src = \"https:\/\/fanfareuid.ch\/wordpress\/wp-content\/plugins\/bold-page-builder\/img\/blank.gif\" data-full_image_src=\"https:\/\/fanfareuid.ch\/wordpress\/wp-content\/uploads\/2024\/02\/Fichier-2Couleur.png\" data-image_src=\"https:\/\/fanfareuid.ch\/wordpress\/wp-content\/uploads\/2024\/02\/Fichier-2Couleur-640x293.png\" title=\"Fichier 2Couleur\" alt=\"https:\/\/fanfareuid.ch\/wordpress\/wp-content\/uploads\/2024\/02\/Fichier-2Couleur-640x293.png\" class=\"btLazyLoadImage\"><\/span><\/div><div data-bb-version=\"4.7.6\" class=\" bt_bb_row_inner\"   data-bt-override-class=\"{}\"><div class=\"bt_bb_row_inner_holder\"  ><div data-bb-version=\"4.7.6\"  class=\"bt_bb_column_inner col-xxl-6 col-xl-6 col-xs-6 col-sm-6 col-md-6 col-lg-6 bt_bb_vertical_align_top bt_bb_align_left bt_bb_padding_normal\"  data-width=\"6\" data-bt-override-class=\"{}\"><div class=\"bt_bb_column_inner_content\"><div class=\"bt_bb_column_inner_content_inner\"><div data-bb-version=\"4.7.6\"  class=\"bt_bb_text\" ><\/p>\n<p>\n\u00a0<\/p>\n<p>\n<\/div><div data-bb-version=\"4.7.6\"  class=\"bt_bb_text\" ><\/p>\n<p style=\"text-align: center;\">Je suis passionn\u00e9e de musique et cheffe d\u2019orchestre. J\u2019ai suivi diverses formations dans le domaine musical et suis monitrice \u00abJ+M\u00bb (Jeunesse et Musique).<\/p>\n<p style=\"text-align: center;\">J\u2019ai \u00e0 coeur de faire d\u00e9couvrir \u00e0 vos enfants le monde merveilleux de la musique.<\/p>\n<p>\n<\/div><\/div><\/div><\/div><div data-bb-version=\"4.7.6\"  class=\"bt_bb_column_inner col-xxl-6 col-xl-6 col-xs-6 col-sm-6 col-md-6 col-lg-6 bt_bb_vertical_align_top bt_bb_align_left bt_bb_padding_normal\"  data-width=\"6\" data-bt-override-class=\"{}\"><div class=\"bt_bb_column_inner_content\"><div class=\"bt_bb_column_inner_content_inner\"><div data-bb-version=\"4.7.6\"  class=\"bt_bb_text\" ><\/p>\n<p>\n\u00a0<\/p>\n<p>\n<\/div><div data-bb-version=\"4.7.6\"  class=\"bt_bb_text\" ><\/p>\n<p style=\"text-align: center;\">Je suis enseignante et j\u2019habite \u00e0 Del\u00e9mont. J\u2019aime faire de la danse, du chant et des voyages.<\/p>\n<p style=\"text-align: center;\">Je me r\u00e9jouis d\u2019apporter des activit\u00e9s et de vivre de bons moments musicaux avec\u00a0vos\u00a0enfants!<\/p>\n<p>\n<\/div><\/div><\/div><\/div><\/div><\/div><div data-bb-version=\"5.4.7\" class=\"bt_bb_separator bt_bb_border_style_none bt_bb_top_spacing_ bt_bb_bottom_spacing_10\" data-bt-override-class=\"{&quot;bt_bb_top_spacing_&quot;:{&quot;current_class&quot;:&quot;bt_bb_top_spacing_&quot;,&quot;def&quot;:&quot;&quot;},&quot;bt_bb_bottom_spacing_&quot;:{&quot;current_class&quot;:&quot;bt_bb_bottom_spacing_10&quot;,&quot;def&quot;:&quot;10&quot;}}\"><\/div><div data-bb-version=\"4.7.6\"  class=\"bt_bb_text\" ><\/p>\n<h3>Contact<\/h3>\n<p>\n<\/div><div data-bb-version=\"4.7.6\"  class=\"bt_bb_text\" ><\/p>\n<p>\nPar mail: <span style=\"color: #ffcc00;\"><a style=\"color: #ffcc00;\" href=\"mailto:lutins.musiciens@fanfareuid.ch\">lutins.musiciens@fanfareuid.ch<\/a><\/span><\/p>\n<p>Par t\u00e9l\u00e9phone:<span style=\"color: #ffcc00;\">\u00a0<a style=\"color: #ffcc00;\" href=\"tel:0795447388\">079 544 73 88<\/a> <\/span>(Claudette Theurillat)<\/p>\n<p>\n<\/div><\/div><\/div><\/div><div data-bb-version=\"4.8.8\"  class=\"bt_bb_column col-xxl-6 col-xl-6 col-xs-12 col-sm-6 col-md-6 col-lg-6 bt_bb_vertical_align_top bt_bb_align_center bt_bb_padding_normal\" style=\"; --column-width:6;\" data-width=\"6\" data-bt-override-class=\"{&quot;bt_bb_align_&quot;:{&quot;current_class&quot;:&quot;bt_bb_align_center&quot;,&quot;def&quot;:&quot;center&quot;},&quot;bt_bb_padding_&quot;:{&quot;current_class&quot;:&quot;bt_bb_padding_normal&quot;,&quot;def&quot;:&quot;normal&quot;}}\"><div class=\"bt_bb_column_content\"><div class=\"bt_bb_column_content_inner\"><div data-bb-version=\"4.7.6\"  class=\"bt_bb_text\" ><\/p>\n<h3>Session d\u00e9couverte<\/h3>\n<p>Des <span style=\"color: #ffcc00;\">sessions d\u00e9couvertes<\/span> sont organis\u00e9es 2 fois par ann\u00e9e pour permettre aux enfants et parents d\u2019avoir un avant-go\u00fbt de ce qui sera propos\u00e9 pendant le semestre du jardin musical.<\/p>\n<p>\n<\/div><div data-bb-version=\"5.4.7\" class=\"bt_bb_separator bt_bb_border_style_none bt_bb_top_spacing_ bt_bb_bottom_spacing_10\" data-bt-override-class=\"{&quot;bt_bb_top_spacing_&quot;:{&quot;current_class&quot;:&quot;bt_bb_top_spacing_&quot;,&quot;def&quot;:&quot;&quot;},&quot;bt_bb_bottom_spacing_&quot;:{&quot;current_class&quot;:&quot;bt_bb_bottom_spacing_10&quot;,&quot;def&quot;:&quot;10&quot;}}\"><\/div><div data-bb-version=\"5.7.0\" class=\"bt_bb_button bt_bb_color_scheme_5 bt_bb_icon_position_left bt_bb_style_with_huge_icon bt_bb_size_small bt_bb_width_inline bt_bb_shape_rounded bt_bb_target_blank bt_bb_font_weight_bold bt_bb_text_transform_inherit bt_bb_align_center bt_bb_icon_color_scheme_5\" style=\"; --primary-color:#000000; --secondary-color:#f0be19;; --icon-primary-color:#000000; --icon-secondary-color:#f0be19;\" data-bt-override-class=\"{&quot;bt_bb_size_&quot;:{&quot;current_class&quot;:&quot;bt_bb_size_small&quot;,&quot;def&quot;:&quot;small&quot;},&quot;bt_bb_width_&quot;:{&quot;current_class&quot;:&quot;bt_bb_width_inline&quot;,&quot;def&quot;:&quot;inline&quot;},&quot;bt_bb_align_&quot;:{&quot;current_class&quot;:&quot;bt_bb_align_center&quot;,&quot;def&quot;:&quot;center&quot;},&quot;bt_bb_animation_&quot;:{&quot;current_class&quot;:&quot;bt_bb_animation_no_animation&quot;,&quot;def&quot;:&quot;no_animation&quot;}}\"><a href=\"https:\/\/forms.gle\/MQiwYkSGVK7kJYqaA\" target=\"_blank\" class=\"bt_bb_link\" title=\"INSCRIPTION A LA SESSION PRINTEMPS 2026\"><span class=\"bt_bb_button_text\" >INSCRIPTION A LA SESSION PRINTEMPS 2026<\/span><span  data-ico-fontawesome=\"&#xf298;\" class=\"bt_bb_icon_holder\"><\/span><\/a><\/div><div data-bb-version=\"5.4.7\" class=\"bt_bb_separator bt_bb_border_style_none bt_bb_top_spacing_ bt_bb_bottom_spacing_10\" data-bt-override-class=\"{&quot;bt_bb_top_spacing_&quot;:{&quot;current_class&quot;:&quot;bt_bb_top_spacing_&quot;,&quot;def&quot;:&quot;&quot;},&quot;bt_bb_bottom_spacing_&quot;:{&quot;current_class&quot;:&quot;bt_bb_bottom_spacing_10&quot;,&quot;def&quot;:&quot;10&quot;}}\"><\/div><div data-bb-version=\"5.7.0\" class=\"bt_bb_image bt_bb_shape_square bt_bb_align_inherit bt_bb_hover_style_simple bt_bb_content_display_always bt_bb_content_align_middle bt_bb_remove_padding_yes bt_bb_fill_background_color_full\" data-bt-override-class=\"{&quot;bt_bb_align_&quot;:{&quot;current_class&quot;:&quot;bt_bb_align_inherit&quot;,&quot;def&quot;:&quot;inherit&quot;}}\"><span><img src = \"https:\/\/fanfareuid.ch\/wordpress\/wp-content\/plugins\/bold-page-builder\/img\/blank.gif\" data-full_image_src=\"https:\/\/fanfareuid.ch\/wordpress\/wp-content\/uploads\/2026\/04\/Session-decouverte-3-6ansVF-2026-mai.png\" data-image_src=\"https:\/\/fanfareuid.ch\/wordpress\/wp-content\/uploads\/2026\/04\/Session-decouverte-3-6ansVF-2026-mai.png\" title=\"Session d\u00e9couverte 3-6ansVF - 2026 mai\" alt=\"https:\/\/fanfareuid.ch\/wordpress\/wp-content\/uploads\/2026\/04\/Session-decouverte-3-6ansVF-2026-mai.png\" class=\"btLazyLoadImage\"><\/span><\/div><\/div><\/div><\/div><\/div><\/div><\/div><!-- cell_inner --><\/div><!-- cell --><\/div><!-- port --><\/section><\/p>\n","protected":false},"excerpt":{"rendered":"","protected":false},"author":1,"featured_media":0,"parent":0,"menu_order":0,"comment_status":"closed","ping_status":"closed","template":"","meta":{"_acf_changed":false,"ngg_post_thumbnail":0,"footnotes":""},"class_list":["post-4846","page","type-page","status-publish","hentry"],"yoast_head":"<!-- This site is optimized with the Yoast SEO plugin v27.2 - https:\/\/yoast.com\/product\/yoast-seo-wordpress\/ -->\n<title>LES LUTINS MUSICIENS - Fanfare Union Instrumentale Del\u00e9mont<\/title>\n<meta name=\"robots\" content=\"index, follow, max-snippet:-1, max-image-preview:large, max-video-preview:-1\" \/>\n<link rel=\"canonical\" href=\"https:\/\/fanfareuid.ch\/wordpress\/lutins-musiciens\/\" \/>\n<meta property=\"og:locale\" content=\"fr_FR\" \/>\n<meta property=\"og:type\" content=\"article\" \/>\n<meta property=\"og:title\" content=\"LES LUTINS MUSICIENS - Fanfare Union Instrumentale Del\u00e9mont\" \/>\n<meta property=\"og:url\" content=\"https:\/\/fanfareuid.ch\/wordpress\/lutins-musiciens\/\" \/>\n<meta property=\"og:site_name\" content=\"Fanfare Union Instrumentale Del\u00e9mont\" \/>\n<meta property=\"article:modified_time\" content=\"2026-05-06T19:05:29+00:00\" \/>\n<script type=\"application\/ld+json\" class=\"yoast-schema-graph\">{\"@context\":\"https:\/\/schema.org\",\"@graph\":[{\"@type\":\"WebPage\",\"@id\":\"https:\/\/fanfareuid.ch\/wordpress\/lutins-musiciens\/\",\"url\":\"https:\/\/fanfareuid.ch\/wordpress\/lutins-musiciens\/\",\"name\":\"LES LUTINS MUSICIENS - Fanfare Union Instrumentale Del\u00e9mont\",\"isPartOf\":{\"@id\":\"https:\/\/fanfareuid.ch\/wordpress\/#website\"},\"datePublished\":\"2024-02-06T19:37:30+00:00\",\"dateModified\":\"2026-05-06T19:05:29+00:00\",\"breadcrumb\":{\"@id\":\"https:\/\/fanfareuid.ch\/wordpress\/lutins-musiciens\/#breadcrumb\"},\"inLanguage\":\"fr-FR\",\"potentialAction\":[{\"@type\":\"ReadAction\",\"target\":[\"https:\/\/fanfareuid.ch\/wordpress\/lutins-musiciens\/\"]}]},{\"@type\":\"BreadcrumbList\",\"@id\":\"https:\/\/fanfareuid.ch\/wordpress\/lutins-musiciens\/#breadcrumb\",\"itemListElement\":[{\"@type\":\"ListItem\",\"position\":1,\"name\":\"Accueil\",\"item\":\"https:\/\/fanfareuid.ch\/wordpress\/\"},{\"@type\":\"ListItem\",\"position\":2,\"name\":\"LES LUTINS MUSICIENS\"}]},{\"@type\":\"WebSite\",\"@id\":\"https:\/\/fanfareuid.ch\/wordpress\/#website\",\"url\":\"https:\/\/fanfareuid.ch\/wordpress\/\",\"name\":\"Fanfare Union Instrumentale Del\u00e9mont\",\"description\":\"La fanfare de Del\u00e9mont !\",\"publisher\":{\"@id\":\"https:\/\/fanfareuid.ch\/wordpress\/#organization\"},\"potentialAction\":[{\"@type\":\"SearchAction\",\"target\":{\"@type\":\"EntryPoint\",\"urlTemplate\":\"https:\/\/fanfareuid.ch\/wordpress\/?s={search_term_string}\"},\"query-input\":{\"@type\":\"PropertyValueSpecification\",\"valueRequired\":true,\"valueName\":\"search_term_string\"}}],\"inLanguage\":\"fr-FR\"},{\"@type\":\"Organization\",\"@id\":\"https:\/\/fanfareuid.ch\/wordpress\/#organization\",\"name\":\"Union Instrumentale Delemont\",\"url\":\"https:\/\/fanfareuid.ch\/wordpress\/\",\"logo\":{\"@type\":\"ImageObject\",\"inLanguage\":\"fr-FR\",\"@id\":\"https:\/\/fanfareuid.ch\/wordpress\/#\/schema\/logo\/image\/\",\"url\":\"https:\/\/fanfareuid.ch\/wordpress\/wp-content\/uploads\/2019\/09\/LogoUID.png\",\"contentUrl\":\"https:\/\/fanfareuid.ch\/wordpress\/wp-content\/uploads\/2019\/09\/LogoUID.png\",\"width\":391,\"height\":206,\"caption\":\"Union Instrumentale Delemont\"},\"image\":{\"@id\":\"https:\/\/fanfareuid.ch\/wordpress\/#\/schema\/logo\/image\/\"}}]}<\/script>\n<!-- \/ Yoast SEO plugin. -->","yoast_head_json":{"title":"LES LUTINS MUSICIENS - Fanfare Union Instrumentale Del\u00e9mont","robots":{"index":"index","follow":"follow","max-snippet":"max-snippet:-1","max-image-preview":"max-image-preview:large","max-video-preview":"max-video-preview:-1"},"canonical":"https:\/\/fanfareuid.ch\/wordpress\/lutins-musiciens\/","og_locale":"fr_FR","og_type":"article","og_title":"LES LUTINS MUSICIENS - Fanfare Union Instrumentale Del\u00e9mont","og_url":"https:\/\/fanfareuid.ch\/wordpress\/lutins-musiciens\/","og_site_name":"Fanfare Union Instrumentale Del\u00e9mont","article_modified_time":"2026-05-06T19:05:29+00:00","schema":{"@context":"https:\/\/schema.org","@graph":[{"@type":"WebPage","@id":"https:\/\/fanfareuid.ch\/wordpress\/lutins-musiciens\/","url":"https:\/\/fanfareuid.ch\/wordpress\/lutins-musiciens\/","name":"LES LUTINS MUSICIENS - Fanfare Union Instrumentale Del\u00e9mont","isPartOf":{"@id":"https:\/\/fanfareuid.ch\/wordpress\/#website"},"datePublished":"2024-02-06T19:37:30+00:00","dateModified":"2026-05-06T19:05:29+00:00","breadcrumb":{"@id":"https:\/\/fanfareuid.ch\/wordpress\/lutins-musiciens\/#breadcrumb"},"inLanguage":"fr-FR","potentialAction":[{"@type":"ReadAction","target":["https:\/\/fanfareuid.ch\/wordpress\/lutins-musiciens\/"]}]},{"@type":"BreadcrumbList","@id":"https:\/\/fanfareuid.ch\/wordpress\/lutins-musiciens\/#breadcrumb","itemListElement":[{"@type":"ListItem","position":1,"name":"Accueil","item":"https:\/\/fanfareuid.ch\/wordpress\/"},{"@type":"ListItem","position":2,"name":"LES LUTINS MUSICIENS"}]},{"@type":"WebSite","@id":"https:\/\/fanfareuid.ch\/wordpress\/#website","url":"https:\/\/fanfareuid.ch\/wordpress\/","name":"Fanfare Union Instrumentale Del\u00e9mont","description":"La fanfare de Del\u00e9mont !","publisher":{"@id":"https:\/\/fanfareuid.ch\/wordpress\/#organization"},"potentialAction":[{"@type":"SearchAction","target":{"@type":"EntryPoint","urlTemplate":"https:\/\/fanfareuid.ch\/wordpress\/?s={search_term_string}"},"query-input":{"@type":"PropertyValueSpecification","valueRequired":true,"valueName":"search_term_string"}}],"inLanguage":"fr-FR"},{"@type":"Organization","@id":"https:\/\/fanfareuid.ch\/wordpress\/#organization","name":"Union Instrumentale Delemont","url":"https:\/\/fanfareuid.ch\/wordpress\/","logo":{"@type":"ImageObject","inLanguage":"fr-FR","@id":"https:\/\/fanfareuid.ch\/wordpress\/#\/schema\/logo\/image\/","url":"https:\/\/fanfareuid.ch\/wordpress\/wp-content\/uploads\/2019\/09\/LogoUID.png","contentUrl":"https:\/\/fanfareuid.ch\/wordpress\/wp-content\/uploads\/2019\/09\/LogoUID.png","width":391,"height":206,"caption":"Union Instrumentale Delemont"},"image":{"@id":"https:\/\/fanfareuid.ch\/wordpress\/#\/schema\/logo\/image\/"}}]}},"acf":[],"_links":{"self":[{"href":"https:\/\/fanfareuid.ch\/wordpress\/wp-json\/wp\/v2\/pages\/4846","targetHints":{"allow":["GET"]}}],"collection":[{"href":"https:\/\/fanfareuid.ch\/wordpress\/wp-json\/wp\/v2\/pages"}],"about":[{"href":"https:\/\/fanfareuid.ch\/wordpress\/wp-json\/wp\/v2\/types\/page"}],"author":[{"embeddable":true,"href":"https:\/\/fanfareuid.ch\/wordpress\/wp-json\/wp\/v2\/users\/1"}],"replies":[{"embeddable":true,"href":"https:\/\/fanfareuid.ch\/wordpress\/wp-json\/wp\/v2\/comments?post=4846"}],"version-history":[{"count":117,"href":"https:\/\/fanfareuid.ch\/wordpress\/wp-json\/wp\/v2\/pages\/4846\/revisions"}],"predecessor-version":[{"id":5434,"href":"https:\/\/fanfareuid.ch\/wordpress\/wp-json\/wp\/v2\/pages\/4846\/revisions\/5434"}],"wp:attachment":[{"href":"https:\/\/fanfareuid.ch\/wordpress\/wp-json\/wp\/v2\/media?parent=4846"}],"curies":[{"name":"wp","href":"https:\/\/api.w.org\/{rel}","templated":true}]}}