{"id":28,"date":"2018-09-03T13:42:51","date_gmt":"2018-09-03T13:42:51","guid":{"rendered":"http:\/\/fanfareuid.ch\/wordpress\/?page_id=28"},"modified":"2026-05-06T21:05:32","modified_gmt":"2026-05-06T19:05:32","slug":"cadets-de-luid","status":"publish","type":"page","link":"https:\/\/fanfareuid.ch\/wordpress\/cadets-de-luid\/","title":{"rendered":"LES CADETS"},"content":{"rendered":"<p><section data-bb-version=\"5.4.7\" id=\"bt_bb_section6a967e615d7f4\" class=\"bt_bb_section bt_bb_layout_boxed_1100 bt_bb_vertical_align_top bt_bb_top_spacing_none bt_bb_bottom_spacing_10 bt_bb_negative_margin_\"  data-bt-override-class=\"{&quot;bt_bb_top_spacing_&quot;:{&quot;current_class&quot;:&quot;bt_bb_top_spacing_none&quot;,&quot;def&quot;:&quot;none&quot;},&quot;bt_bb_bottom_spacing_&quot;:{&quot;current_class&quot;:&quot;bt_bb_bottom_spacing_10&quot;,&quot;def&quot;:&quot;10&quot;},&quot;bt_bb_negative_margin_&quot;:{&quot;current_class&quot;:&quot;bt_bb_negative_margin_&quot;,&quot;def&quot;:&quot;&quot;},&quot;bt_bb_animation_&quot;:{&quot;current_class&quot;:&quot;bt_bb_animation_no_animation&quot;,&quot;def&quot;:&quot;no_animation&quot;}}\"><div class=\"bt_bb_port\"><div class=\"bt_bb_cell\"><div class=\"bt_bb_cell_inner\"><div class=\"bt_bb_row \"  data-bt-override-class=\"{}\"><div class=\"bt_bb_row_holder\" ><div data-bb-version=\"5.4.7\"  class=\"bt_bb_column col-xxl-4 col-xl-4 col-xs-12 col-sm-12 col-md-12 col-lg-4 bt_bb_vertical_align_middle bt_bb_align_center bt_bb_padding_normal\" style=\"; --column-width:4;\" data-width=\"4\" data-bt-override-class=\"{&quot;bt_bb_align_&quot;:{&quot;current_class&quot;:&quot;bt_bb_align_center&quot;,&quot;def&quot;:&quot;center&quot;},&quot;bt_bb_padding_&quot;:{&quot;current_class&quot;:&quot;bt_bb_padding_normal&quot;,&quot;def&quot;:&quot;normal&quot;},&quot;bt_bb_animation_&quot;:{&quot;current_class&quot;:&quot;bt_bb_animation_no_animation&quot;,&quot;def&quot;:&quot;no_animation&quot;}}\"><div class=\"bt_bb_column_content\"><div class=\"bt_bb_column_content_inner\"><div data-bb-version=\"5.4.7\" class=\"bt_bb_image bt_bb_shape_square bt_bb_align_inherit bt_bb_hover_style_simple bt_bb_content_display_always bt_bb_content_align_middle bt_bb_remove_padding_yes bt_bb_fill_background_color_full\" style=\"height:50; overflow: hidden;\" data-bt-override-class=\"{&quot;bt_bb_align_&quot;:{&quot;current_class&quot;:&quot;bt_bb_align_inherit&quot;,&quot;def&quot;:&quot;inherit&quot;}}\"><span><img src = \"https:\/\/fanfareuid.ch\/wordpress\/wp-content\/plugins\/bold-page-builder\/img\/blank.gif\" data-full_image_src=\"https:\/\/fanfareuid.ch\/wordpress\/wp-content\/uploads\/2024\/09\/Logo_5.png\" data-image_src=\"https:\/\/fanfareuid.ch\/wordpress\/wp-content\/uploads\/2024\/09\/Logo_5.png\" title=\"Logo_5\" alt=\"https:\/\/fanfareuid.ch\/wordpress\/wp-content\/uploads\/2024\/09\/Logo_5.png\" class=\"btLazyLoadImage\"><\/span><\/div><\/div><\/div><\/div><div data-bb-version=\"5.4.7\"  class=\"bt_bb_column col-xxl-4 col-xl-4 col-xs-12 col-sm-12 col-md-12 col-lg-4 bt_bb_vertical_align_middle bt_bb_align_center bt_bb_padding_normal\" style=\"; --column-width:4;\" data-width=\"4\" data-bt-override-class=\"{&quot;bt_bb_align_&quot;:{&quot;current_class&quot;:&quot;bt_bb_align_center&quot;,&quot;def&quot;:&quot;center&quot;},&quot;bt_bb_padding_&quot;:{&quot;current_class&quot;:&quot;bt_bb_padding_normal&quot;,&quot;def&quot;:&quot;normal&quot;},&quot;bt_bb_animation_&quot;:{&quot;current_class&quot;:&quot;bt_bb_animation_no_animation&quot;,&quot;def&quot;:&quot;no_animation&quot;}}\"><div class=\"bt_bb_column_content\"><div class=\"bt_bb_column_content_inner\"><div data-bb-version=\"5.4.7\" class=\"bt_bb_separator bt_bb_border_style_none bt_bb_top_spacing_70 bt_bb_bottom_spacing_\" data-bt-override-class=\"{&quot;bt_bb_top_spacing_&quot;:{&quot;current_class&quot;:&quot;bt_bb_top_spacing_70&quot;,&quot;def&quot;:&quot;70&quot;},&quot;bt_bb_bottom_spacing_&quot;:{&quot;current_class&quot;:&quot;bt_bb_bottom_spacing_&quot;,&quot;def&quot;:&quot;&quot;}}\"><\/div><div data-bb-version=\"5.4.7\" class=\"bt_bb_image bt_bb_shape_square bt_bb_align_inherit bt_bb_hover_style_simple bt_bb_content_display_always bt_bb_content_align_middle bt_bb_remove_padding_yes bt_bb_fill_background_color_full\" data-bt-override-class=\"{&quot;bt_bb_align_&quot;:{&quot;current_class&quot;:&quot;bt_bb_align_inherit&quot;,&quot;def&quot;:&quot;inherit&quot;}}\"><span><img src = \"https:\/\/fanfareuid.ch\/wordpress\/wp-content\/plugins\/bold-page-builder\/img\/blank.gif\" data-full_image_src=\"https:\/\/fanfareuid.ch\/wordpress\/wp-content\/uploads\/2026\/01\/logo_union_davenir.png\" data-image_src=\"https:\/\/fanfareuid.ch\/wordpress\/wp-content\/uploads\/2026\/01\/logo_union_davenir.png\" title=\"logo_union_d&#039;avenir\" alt=\"https:\/\/fanfareuid.ch\/wordpress\/wp-content\/uploads\/2026\/01\/logo_union_davenir.png\" class=\"btLazyLoadImage\"><\/span><\/div><\/div><\/div><\/div><div data-bb-version=\"5.4.7\"  class=\"bt_bb_column col-xxl-4 col-xl-4 col-xs-12 col-sm-12 col-md-12 col-lg-4 bt_bb_vertical_align_middle bt_bb_align_center bt_bb_padding_normal\" style=\"; --column-width:4;\" data-width=\"4\" data-bt-override-class=\"{&quot;bt_bb_align_&quot;:{&quot;current_class&quot;:&quot;bt_bb_align_center&quot;,&quot;def&quot;:&quot;center&quot;},&quot;bt_bb_padding_&quot;:{&quot;current_class&quot;:&quot;bt_bb_padding_normal&quot;,&quot;def&quot;:&quot;normal&quot;},&quot;bt_bb_animation_&quot;:{&quot;current_class&quot;:&quot;bt_bb_animation_no_animation&quot;,&quot;def&quot;:&quot;no_animation&quot;}}\"><div class=\"bt_bb_column_content\"><div class=\"bt_bb_column_content_inner\"><div data-bb-version=\"5.4.7\" class=\"bt_bb_separator bt_bb_border_style_none bt_bb_top_spacing_70 bt_bb_bottom_spacing_\" data-bt-override-class=\"{&quot;bt_bb_top_spacing_&quot;:{&quot;current_class&quot;:&quot;bt_bb_top_spacing_70&quot;,&quot;def&quot;:&quot;70&quot;},&quot;bt_bb_bottom_spacing_&quot;:{&quot;current_class&quot;:&quot;bt_bb_bottom_spacing_&quot;,&quot;def&quot;:&quot;&quot;}}\"><\/div><div data-bb-version=\"5.4.7\" class=\"bt_bb_image bt_bb_shape_square bt_bb_align_inherit bt_bb_hover_style_simple bt_bb_content_display_always bt_bb_content_align_middle bt_bb_remove_padding_yes bt_bb_fill_background_color_full\" data-bt-override-class=\"{&quot;bt_bb_align_&quot;:{&quot;current_class&quot;:&quot;bt_bb_align_inherit&quot;,&quot;def&quot;:&quot;inherit&quot;}}\"><span><img src = \"https:\/\/fanfareuid.ch\/wordpress\/wp-content\/plugins\/bold-page-builder\/img\/blank.gif\" data-full_image_src=\"https:\/\/fanfareuid.ch\/wordpress\/wp-content\/uploads\/2026\/01\/Capture-decran-2026-01-31-133609.png\" data-image_src=\"https:\/\/fanfareuid.ch\/wordpress\/wp-content\/uploads\/2026\/01\/Capture-decran-2026-01-31-133609.png\" title=\"Capture d\u2019\u00e9cran 2026-01-31 133609\" alt=\"https:\/\/fanfareuid.ch\/wordpress\/wp-content\/uploads\/2026\/01\/Capture-decran-2026-01-31-133609.png\" class=\"btLazyLoadImage\"><\/span><\/div><\/div><\/div><\/div><\/div><\/div><\/div><!-- cell_inner --><\/div><!-- cell --><\/div><!-- port --><\/section><section data-bb-version=\"4.5.5\" id=\"bt_bb_section6a967e616162f\" class=\"bt_bb_section bt_bb_layout_boxed_1200\"  data-bt-override-class=\"null\"><div class=\"bt_bb_port\"><div class=\"bt_bb_cell\"><div class=\"bt_bb_cell_inner\"><div class=\"bt_bb_row \"  data-bt-override-class=\"{}\"><div class=\"bt_bb_row_holder\" ><div data-bb-version=\"4.5.5\"  class=\"bt_bb_column col-xxl-4 col-xl-4 col-xs-12 col-sm-12 col-md-12 col-lg-4 bt_bb_vertical_align_top bt_bb_align_left bt_bb_padding_normal\" style=\"; --column-width:4;\" data-width=\"4\" data-bt-override-class=\"{}\"><div class=\"bt_bb_column_content\"><div class=\"bt_bb_column_content_inner\"><div data-bb-version=\"4.5.5\"  class=\"bt_bb_text\" ><\/p>\n<h3>Qui sont les Cadets UID ?<\/h3>\n<p>Ce sont tous les<span style=\"color: #ffcc00;\"> jeunes musiciens de 7 ans et plus <\/span>qui suivent une formation instrumentale au sein de l\u2019Instrum\u2019 Del\u00e9mont. Selon leur \u00e2ge et niveau musical, ils peuvent se retrouver dans un des deux groupes suivants:<\/p>\n<ul>\n<li><span style=\"color: #ffcc00;\">Les Aventuriers<\/span> =&gt; pour ceux qui viennent de commencer d&rsquo;un instrument<\/li>\n<li><span style=\"color: #ffcc00;\">Union d&rsquo;Avenir<\/span> =&gt; pour ceux qui ont r\u00e9ussi leur examen phase 1<\/li>\n<\/ul>\n<p>\n<\/div><div data-bb-version=\"5.4.7\" class=\"bt_bb_separator bt_bb_border_style_none bt_bb_top_spacing_ bt_bb_bottom_spacing_10\" data-bt-override-class=\"{&quot;bt_bb_top_spacing_&quot;:{&quot;current_class&quot;:&quot;bt_bb_top_spacing_&quot;,&quot;def&quot;:&quot;&quot;},&quot;bt_bb_bottom_spacing_&quot;:{&quot;current_class&quot;:&quot;bt_bb_bottom_spacing_10&quot;,&quot;def&quot;:&quot;10&quot;}}\"><\/div><div data-bb-version=\"4.8.8\"  class=\"bt_bb_text\" ><\/p>\n<h3>Pourquoi jouer dans un groupe de musique?<\/h3>\n<p>Il y a une multitude de raisons qui poussent une personne \u00e0 jouer d\u2019un instrument. La musique permet d\u2019<span style=\"color: #ffcc00;\">exercer sa pers\u00e9v\u00e9rance<\/span> et sa <span style=\"color: #ffcc00;\">motivation<\/span>, de <span style=\"color: #ffcc00;\">d\u00e9velopper l\u2019estime de soi<\/span> et d\u2019<span style=\"color: #ffcc00;\">encourager l\u2019autonomie<\/span> des jeunes. Dans le cadre d\u2019une harmonie comme l\u2019UID, il y a un r\u00e9el plaisir \u00e0 <span style=\"color: #ffcc00;\">jouer en groupe<\/span>, \u00e0 <span style=\"color: #ffcc00;\">faire de nouvelles connaissances<\/span> (qui bien souvent deviennent des amis proches) et \u00e0 apprendre au contact d\u2019autres musiciens.<\/p>\n<p>\n<\/div><div data-bb-version=\"5.4.7\" class=\"bt_bb_separator bt_bb_border_style_none bt_bb_top_spacing_ bt_bb_bottom_spacing_10\" data-bt-override-class=\"{&quot;bt_bb_top_spacing_&quot;:{&quot;current_class&quot;:&quot;bt_bb_top_spacing_&quot;,&quot;def&quot;:&quot;&quot;},&quot;bt_bb_bottom_spacing_&quot;:{&quot;current_class&quot;:&quot;bt_bb_bottom_spacing_10&quot;,&quot;def&quot;:&quot;10&quot;}}\"><\/div><div data-bb-version=\"4.8.8\"  class=\"bt_bb_text\" ><\/p>\n<h3>Comment s\u2019inscrire?<\/h3>\n<p>\n<\/div><div data-bb-version=\"5.3.0\" class=\"bt_bb_button bt_bb_color_scheme_5 bt_bb_icon_position_left bt_bb_style_with_huge_icon bt_bb_size_small bt_bb_width_inline bt_bb_shape_rounded bt_bb_target_blank bt_bb_font_weight_bold bt_bb_text_transform_inherit bt_bb_align_left bt_bb_icon_color_scheme_5\" style=\"; --primary-color:#000000; --secondary-color:#f0be19;; --icon-primary-color:#000000; --icon-secondary-color:#f0be19;\" data-bt-override-class=\"{&quot;bt_bb_size_&quot;:{&quot;current_class&quot;:&quot;bt_bb_size_small&quot;,&quot;def&quot;:&quot;small&quot;},&quot;bt_bb_align_&quot;:{&quot;current_class&quot;:&quot;bt_bb_align_left&quot;,&quot;def&quot;:&quot;left&quot;},&quot;bt_bb_animation_&quot;:{&quot;current_class&quot;:&quot;bt_bb_animation_no_animation&quot;,&quot;def&quot;:&quot;no_animation&quot;}}\"><a href=\"https:\/\/docs.google.com\/forms\/d\/e\/1FAIpQLSediSYKFzgUQ0VNV6_AAhGTa3fydTvuevxOgsnC76kQs4voAA\/viewform?usp=header\" target=\"_blank\" class=\"bt_bb_link\" title=\"INSCRIPTION ICI\"><span class=\"bt_bb_button_text\" >INSCRIPTION ICI<\/span><span  data-ico-fontawesome=\"&#xf298;\" class=\"bt_bb_icon_holder\"><\/span><\/a><\/div><div data-bb-version=\"5.4.7\" class=\"bt_bb_separator bt_bb_border_style_none bt_bb_top_spacing_ bt_bb_bottom_spacing_10\" data-bt-override-class=\"{&quot;bt_bb_top_spacing_&quot;:{&quot;current_class&quot;:&quot;bt_bb_top_spacing_&quot;,&quot;def&quot;:&quot;&quot;},&quot;bt_bb_bottom_spacing_&quot;:{&quot;current_class&quot;:&quot;bt_bb_bottom_spacing_10&quot;,&quot;def&quot;:&quot;10&quot;}}\"><\/div><div data-bb-version=\"4.8.8\"  class=\"bt_bb_text\" ><\/p>\n<h3>Qui sont les responsables?<\/h3>\n<p>Responsable formation: Florence Harris (<a href=\"tel:0765124212\">076 512 42 12<\/a>, cadets@fanfareuid.ch)<\/p>\n<p>\n<\/div><\/div><\/div><\/div><div data-bb-version=\"4.8.8\"  class=\"bt_bb_column col-xxl-4 col-xl-4 col-xs-12 col-sm-12 col-md-12 col-lg-4 bt_bb_vertical_align_top bt_bb_align_left bt_bb_padding_normal\" style=\"; --column-width:4;\" data-width=\"4\" data-bt-override-class=\"{}\"><div class=\"bt_bb_column_content\"><div class=\"bt_bb_column_content_inner\"><div data-bb-version=\"4.8.8\"  class=\"bt_bb_text\" ><\/p>\n<h3>Qui est Union d&rsquo;Avenir ?<\/h3>\n<p style=\"font-weight: 400; letter-spacing: normal;\">Depuis ao\u00fbt 2025, les jeunes musiciens de la Fanfare de Court\u00e9telle et de l&rsquo;Union Instrumentale Del\u00e9mont se sont r\u00e9unis pour fo<span style=\"color: #333333;\">rmer<\/span> ce nouvel ensemble. Il est compos\u00e9 de jeunes entre 8 et 18 ans jouant des instruments \u00e0 vent et percussion. Ils r\u00e9p\u00e8tent le <span style=\"color: #ffcc00;\">vendredi<\/span> soir de <span style=\"color: #ffcc00;\">18h15 \u00e0 19h30<span style=\"color: #333333;\"> sous la direction de Marinel Mittempergher.<\/span><\/span><\/p>\n<p>Si tu veux venir les \u00e9couter, merci de nous contacter \u00e0 cadets@fanfareuid.ch afin de convenir d&rsquo;une date de visite!<\/p>\n<p>\n<\/div><div data-bb-version=\"5.4.7\" class=\"bt_bb_separator bt_bb_border_style_none bt_bb_top_spacing_ bt_bb_bottom_spacing_10\" data-bt-override-class=\"{&quot;bt_bb_top_spacing_&quot;:{&quot;current_class&quot;:&quot;bt_bb_top_spacing_&quot;,&quot;def&quot;:&quot;&quot;},&quot;bt_bb_bottom_spacing_&quot;:{&quot;current_class&quot;:&quot;bt_bb_bottom_spacing_10&quot;,&quot;def&quot;:&quot;10&quot;}}\"><\/div><div data-bb-version=\"4.8.8\"  class=\"bt_bb_text\" ><\/p>\n<h3>Qui sont les responsables?<\/h3>\n<p>Le comit\u00e9 Union d&rsquo;Avenir est compos\u00e9 de Chlo\u00e9, Claire, Elodie, Emilien, Jean-Marie, M\u00e9line et Marinel.<\/p>\n<p>\n<\/div><\/div><\/div><\/div><div data-bb-version=\"5.4.7\"  class=\"bt_bb_column col-xxl-4 col-xl-4 col-xs-12 col-sm-12 col-md-12 col-lg-4 bt_bb_vertical_align_top bt_bb_align_left bt_bb_padding_normal\" style=\"; --column-width:4;\" data-width=\"4\" data-bt-override-class=\"{}\"><div class=\"bt_bb_column_content\"><div class=\"bt_bb_column_content_inner\"><div data-bb-version=\"4.7.6\"  class=\"bt_bb_text\" ><\/p>\n<h3>Comment nous d\u00e9couvrir?<\/h3>\n<p>En participant \u00e0 une <span style=\"color: #ffcc00;\">session d\u00e9couverte<\/span> organis\u00e9e 1 \u00e0 2 fois par ann\u00e9e pour les 7 ans et plus.<\/p>\n<p>\n<\/div><div data-bb-version=\"5.4.7\" class=\"bt_bb_separator bt_bb_border_style_none bt_bb_top_spacing_ bt_bb_bottom_spacing_10\" data-bt-override-class=\"{&quot;bt_bb_top_spacing_&quot;:{&quot;current_class&quot;:&quot;bt_bb_top_spacing_&quot;,&quot;def&quot;:&quot;&quot;},&quot;bt_bb_bottom_spacing_&quot;:{&quot;current_class&quot;:&quot;bt_bb_bottom_spacing_10&quot;,&quot;def&quot;:&quot;10&quot;}}\"><\/div><div data-bb-version=\"5.7.0\" class=\"bt_bb_button bt_bb_color_scheme_5 bt_bb_icon_position_left bt_bb_style_with_huge_icon bt_bb_size_small bt_bb_width_inline bt_bb_shape_rounded bt_bb_target_blank bt_bb_font_weight_bold bt_bb_text_transform_inherit bt_bb_align_center bt_bb_icon_color_scheme_5\" style=\"; --primary-color:#000000; --secondary-color:#f0be19;; --icon-primary-color:#000000; --icon-secondary-color:#f0be19;\" data-bt-override-class=\"{&quot;bt_bb_size_&quot;:{&quot;current_class&quot;:&quot;bt_bb_size_small&quot;,&quot;def&quot;:&quot;small&quot;},&quot;bt_bb_width_&quot;:{&quot;current_class&quot;:&quot;bt_bb_width_inline&quot;,&quot;def&quot;:&quot;inline&quot;},&quot;bt_bb_align_&quot;:{&quot;current_class&quot;:&quot;bt_bb_align_center&quot;,&quot;def&quot;:&quot;center&quot;},&quot;bt_bb_animation_&quot;:{&quot;current_class&quot;:&quot;bt_bb_animation_no_animation&quot;,&quot;def&quot;:&quot;no_animation&quot;}}\"><a href=\"https:\/\/forms.gle\/rQEAH68gUtgeynSt6\" target=\"_blank\" class=\"bt_bb_link\" title=\"INSCRIPTION A LA SESSION PRINTEMPS 2026\"><span class=\"bt_bb_button_text\" >INSCRIPTION A LA SESSION PRINTEMPS 2026<\/span><\/a><\/div><div data-bb-version=\"5.4.7\" class=\"bt_bb_separator bt_bb_border_style_none bt_bb_top_spacing_ bt_bb_bottom_spacing_10\" data-bt-override-class=\"{&quot;bt_bb_top_spacing_&quot;:{&quot;current_class&quot;:&quot;bt_bb_top_spacing_&quot;,&quot;def&quot;:&quot;&quot;},&quot;bt_bb_bottom_spacing_&quot;:{&quot;current_class&quot;:&quot;bt_bb_bottom_spacing_10&quot;,&quot;def&quot;:&quot;10&quot;}}\"><\/div><div data-bb-version=\"5.7.0\" class=\"bt_bb_image bt_bb_shape_square bt_bb_align_inherit bt_bb_hover_style_simple bt_bb_content_display_always bt_bb_content_align_middle bt_bb_remove_padding_yes bt_bb_fill_background_color_full\" data-bt-override-class=\"{&quot;bt_bb_align_&quot;:{&quot;current_class&quot;:&quot;bt_bb_align_inherit&quot;,&quot;def&quot;:&quot;inherit&quot;}}\"><span><img src = \"https:\/\/fanfareuid.ch\/wordpress\/wp-content\/plugins\/bold-page-builder\/img\/blank.gif\" data-full_image_src=\"https:\/\/fanfareuid.ch\/wordpress\/wp-content\/uploads\/2026\/04\/SessionDecouverte-SiteWeb-2026-mai.png\" data-image_src=\"https:\/\/fanfareuid.ch\/wordpress\/wp-content\/uploads\/2026\/04\/SessionDecouverte-SiteWeb-2026-mai.png\" title=\"SessionD\u00e9couverte SiteWeb - 2026 mai\" alt=\"https:\/\/fanfareuid.ch\/wordpress\/wp-content\/uploads\/2026\/04\/SessionDecouverte-SiteWeb-2026-mai.png\" class=\"btLazyLoadImage\"><\/span><\/div><\/div><\/div><\/div><\/div><\/div><\/div><!-- cell_inner --><\/div><!-- cell --><\/div><!-- port --><\/section><section data-bb-version=\"4.8.8\" id=\"bt_bb_section6a967e6167d01\" class=\"bt_bb_section bt_bb_layout_boxed_800 bt_bb_vertical_align_top bt_bb_top_spacing_none bt_bb_bottom_spacing_20 bt_bb_negative_margin_\"  data-bt-override-class=\"{&quot;bt_bb_top_spacing_&quot;:{&quot;current_class&quot;:&quot;bt_bb_top_spacing_none&quot;,&quot;def&quot;:&quot;none&quot;},&quot;bt_bb_bottom_spacing_&quot;:{&quot;current_class&quot;:&quot;bt_bb_bottom_spacing_20&quot;,&quot;def&quot;:&quot;20&quot;},&quot;bt_bb_negative_margin_&quot;:{&quot;current_class&quot;:&quot;bt_bb_negative_margin_&quot;,&quot;def&quot;:&quot;&quot;}}\"><div class=\"bt_bb_port\"><div class=\"bt_bb_cell\"><div class=\"bt_bb_cell_inner\"><div class=\"bt_bb_row \"  data-bt-override-class=\"{}\"><div class=\"bt_bb_row_holder\" ><div data-bb-version=\"4.8.8\"  class=\"bt_bb_column col-xxl-12 col-xl-12 col-xs-12 col-sm-12 col-md-12 col-lg-12 bt_bb_vertical_align_middle bt_bb_align_center bt_bb_padding_normal\" style=\"; --column-width:12;\" data-width=\"12\" data-bt-override-class=\"{&quot;bt_bb_align_&quot;:{&quot;current_class&quot;:&quot;bt_bb_align_center&quot;,&quot;def&quot;:&quot;center&quot;},&quot;bt_bb_padding_&quot;:{&quot;current_class&quot;:&quot;bt_bb_padding_normal&quot;,&quot;def&quot;:&quot;normal&quot;}}\"><div class=\"bt_bb_column_content\"><div class=\"bt_bb_column_content_inner\"><div data-bb-version=\"4.8.8\" class=\"bt_bb_image bt_bb_shape_square bt_bb_align_inherit bt_bb_hover_style_simple bt_bb_content_display_always bt_bb_content_align_middle bt_bb_remove_padding_yes bt_bb_fill_background_color_full\" data-bt-override-class=\"{&quot;bt_bb_align_&quot;:{&quot;current_class&quot;:&quot;bt_bb_align_inherit&quot;,&quot;def&quot;:&quot;inherit&quot;}}\"><span><img src = \"https:\/\/fanfareuid.ch\/wordpress\/wp-content\/plugins\/bold-page-builder\/img\/blank.gif\" data-full_image_src=\"https:\/\/fanfareuid.ch\/wordpress\/wp-content\/uploads\/2023\/12\/LogoViquodeco2015_CMYK-pdf.jpg\" data-image_src=\"https:\/\/fanfareuid.ch\/wordpress\/wp-content\/uploads\/2023\/12\/LogoViquodeco2015_CMYK-pdf.jpg\" title=\"LogoViquodeco2015_CMYK\" alt=\"https:\/\/fanfareuid.ch\/wordpress\/wp-content\/uploads\/2023\/12\/LogoViquodeco2015_CMYK-pdf.jpg\" class=\"btLazyLoadImage\"><\/span><\/div><div data-bb-version=\"4.8.8\"  class=\"bt_bb_text\" ><\/p>\n<p style=\"text-align: right;\"><span style=\"color: #ffcc00;\"><strong>Notre sponsor officiel que nous remercions chaleureusement!<\/strong><\/span><\/p>\n<p>\n<\/div><\/div><\/div><\/div><\/div><\/div><\/div><!-- cell_inner --><\/div><!-- cell --><\/div><!-- port --><\/section><\/p>\n","protected":false},"excerpt":{"rendered":"","protected":false},"author":1,"featured_media":0,"parent":0,"menu_order":0,"comment_status":"closed","ping_status":"closed","template":"","meta":{"_acf_changed":false,"ngg_post_thumbnail":0,"footnotes":""},"class_list":["post-28","page","type-page","status-publish","hentry"],"yoast_head":"<!-- This site is optimized with the Yoast SEO plugin v27.2 - https:\/\/yoast.com\/product\/yoast-seo-wordpress\/ -->\n<title>LES CADETS - Fanfare Union Instrumentale Del\u00e9mont<\/title>\n<meta name=\"description\" content=\"Page d&#039;informations sur les cadets de l&#039;Union Instrumentale de Del\u00e9mont\" \/>\n<meta name=\"robots\" content=\"index, follow, max-snippet:-1, max-image-preview:large, max-video-preview:-1\" \/>\n<link rel=\"canonical\" href=\"https:\/\/fanfareuid.ch\/wordpress\/cadets-de-luid\/\" \/>\n<meta property=\"og:locale\" content=\"fr_FR\" \/>\n<meta property=\"og:type\" content=\"article\" \/>\n<meta property=\"og:title\" content=\"LES CADETS - Fanfare Union Instrumentale Del\u00e9mont\" \/>\n<meta property=\"og:description\" content=\"Page d&#039;informations sur les cadets de l&#039;Union Instrumentale de Del\u00e9mont\" \/>\n<meta property=\"og:url\" content=\"https:\/\/fanfareuid.ch\/wordpress\/cadets-de-luid\/\" \/>\n<meta property=\"og:site_name\" content=\"Fanfare Union Instrumentale Del\u00e9mont\" \/>\n<meta property=\"article:modified_time\" content=\"2026-05-06T19:05:32+00:00\" \/>\n<script type=\"application\/ld+json\" class=\"yoast-schema-graph\">{\"@context\":\"https:\/\/schema.org\",\"@graph\":[{\"@type\":\"WebPage\",\"@id\":\"https:\/\/fanfareuid.ch\/wordpress\/cadets-de-luid\/\",\"url\":\"https:\/\/fanfareuid.ch\/wordpress\/cadets-de-luid\/\",\"name\":\"LES CADETS - Fanfare Union Instrumentale Del\u00e9mont\",\"isPartOf\":{\"@id\":\"https:\/\/fanfareuid.ch\/wordpress\/#website\"},\"datePublished\":\"2018-09-03T13:42:51+00:00\",\"dateModified\":\"2026-05-06T19:05:32+00:00\",\"description\":\"Page d'informations sur les cadets de l'Union Instrumentale de Del\u00e9mont\",\"breadcrumb\":{\"@id\":\"https:\/\/fanfareuid.ch\/wordpress\/cadets-de-luid\/#breadcrumb\"},\"inLanguage\":\"fr-FR\",\"potentialAction\":[{\"@type\":\"ReadAction\",\"target\":[\"https:\/\/fanfareuid.ch\/wordpress\/cadets-de-luid\/\"]}]},{\"@type\":\"BreadcrumbList\",\"@id\":\"https:\/\/fanfareuid.ch\/wordpress\/cadets-de-luid\/#breadcrumb\",\"itemListElement\":[{\"@type\":\"ListItem\",\"position\":1,\"name\":\"Accueil\",\"item\":\"https:\/\/fanfareuid.ch\/wordpress\/\"},{\"@type\":\"ListItem\",\"position\":2,\"name\":\"LES CADETS\"}]},{\"@type\":\"WebSite\",\"@id\":\"https:\/\/fanfareuid.ch\/wordpress\/#website\",\"url\":\"https:\/\/fanfareuid.ch\/wordpress\/\",\"name\":\"Fanfare Union Instrumentale Del\u00e9mont\",\"description\":\"La fanfare de Del\u00e9mont !\",\"publisher\":{\"@id\":\"https:\/\/fanfareuid.ch\/wordpress\/#organization\"},\"potentialAction\":[{\"@type\":\"SearchAction\",\"target\":{\"@type\":\"EntryPoint\",\"urlTemplate\":\"https:\/\/fanfareuid.ch\/wordpress\/?s={search_term_string}\"},\"query-input\":{\"@type\":\"PropertyValueSpecification\",\"valueRequired\":true,\"valueName\":\"search_term_string\"}}],\"inLanguage\":\"fr-FR\"},{\"@type\":\"Organization\",\"@id\":\"https:\/\/fanfareuid.ch\/wordpress\/#organization\",\"name\":\"Union Instrumentale Delemont\",\"url\":\"https:\/\/fanfareuid.ch\/wordpress\/\",\"logo\":{\"@type\":\"ImageObject\",\"inLanguage\":\"fr-FR\",\"@id\":\"https:\/\/fanfareuid.ch\/wordpress\/#\/schema\/logo\/image\/\",\"url\":\"https:\/\/fanfareuid.ch\/wordpress\/wp-content\/uploads\/2019\/09\/LogoUID.png\",\"contentUrl\":\"https:\/\/fanfareuid.ch\/wordpress\/wp-content\/uploads\/2019\/09\/LogoUID.png\",\"width\":391,\"height\":206,\"caption\":\"Union Instrumentale Delemont\"},\"image\":{\"@id\":\"https:\/\/fanfareuid.ch\/wordpress\/#\/schema\/logo\/image\/\"}}]}<\/script>\n<!-- \/ Yoast SEO plugin. -->","yoast_head_json":{"title":"LES CADETS - Fanfare Union Instrumentale Del\u00e9mont","description":"Page d'informations sur les cadets de l'Union Instrumentale de Del\u00e9mont","robots":{"index":"index","follow":"follow","max-snippet":"max-snippet:-1","max-image-preview":"max-image-preview:large","max-video-preview":"max-video-preview:-1"},"canonical":"https:\/\/fanfareuid.ch\/wordpress\/cadets-de-luid\/","og_locale":"fr_FR","og_type":"article","og_title":"LES CADETS - Fanfare Union Instrumentale Del\u00e9mont","og_description":"Page d'informations sur les cadets de l'Union Instrumentale de Del\u00e9mont","og_url":"https:\/\/fanfareuid.ch\/wordpress\/cadets-de-luid\/","og_site_name":"Fanfare Union Instrumentale Del\u00e9mont","article_modified_time":"2026-05-06T19:05:32+00:00","schema":{"@context":"https:\/\/schema.org","@graph":[{"@type":"WebPage","@id":"https:\/\/fanfareuid.ch\/wordpress\/cadets-de-luid\/","url":"https:\/\/fanfareuid.ch\/wordpress\/cadets-de-luid\/","name":"LES CADETS - Fanfare Union Instrumentale Del\u00e9mont","isPartOf":{"@id":"https:\/\/fanfareuid.ch\/wordpress\/#website"},"datePublished":"2018-09-03T13:42:51+00:00","dateModified":"2026-05-06T19:05:32+00:00","description":"Page d'informations sur les cadets de l'Union Instrumentale de Del\u00e9mont","breadcrumb":{"@id":"https:\/\/fanfareuid.ch\/wordpress\/cadets-de-luid\/#breadcrumb"},"inLanguage":"fr-FR","potentialAction":[{"@type":"ReadAction","target":["https:\/\/fanfareuid.ch\/wordpress\/cadets-de-luid\/"]}]},{"@type":"BreadcrumbList","@id":"https:\/\/fanfareuid.ch\/wordpress\/cadets-de-luid\/#breadcrumb","itemListElement":[{"@type":"ListItem","position":1,"name":"Accueil","item":"https:\/\/fanfareuid.ch\/wordpress\/"},{"@type":"ListItem","position":2,"name":"LES CADETS"}]},{"@type":"WebSite","@id":"https:\/\/fanfareuid.ch\/wordpress\/#website","url":"https:\/\/fanfareuid.ch\/wordpress\/","name":"Fanfare Union Instrumentale Del\u00e9mont","description":"La fanfare de Del\u00e9mont !","publisher":{"@id":"https:\/\/fanfareuid.ch\/wordpress\/#organization"},"potentialAction":[{"@type":"SearchAction","target":{"@type":"EntryPoint","urlTemplate":"https:\/\/fanfareuid.ch\/wordpress\/?s={search_term_string}"},"query-input":{"@type":"PropertyValueSpecification","valueRequired":true,"valueName":"search_term_string"}}],"inLanguage":"fr-FR"},{"@type":"Organization","@id":"https:\/\/fanfareuid.ch\/wordpress\/#organization","name":"Union Instrumentale Delemont","url":"https:\/\/fanfareuid.ch\/wordpress\/","logo":{"@type":"ImageObject","inLanguage":"fr-FR","@id":"https:\/\/fanfareuid.ch\/wordpress\/#\/schema\/logo\/image\/","url":"https:\/\/fanfareuid.ch\/wordpress\/wp-content\/uploads\/2019\/09\/LogoUID.png","contentUrl":"https:\/\/fanfareuid.ch\/wordpress\/wp-content\/uploads\/2019\/09\/LogoUID.png","width":391,"height":206,"caption":"Union Instrumentale Delemont"},"image":{"@id":"https:\/\/fanfareuid.ch\/wordpress\/#\/schema\/logo\/image\/"}}]}},"acf":[],"_links":{"self":[{"href":"https:\/\/fanfareuid.ch\/wordpress\/wp-json\/wp\/v2\/pages\/28","targetHints":{"allow":["GET"]}}],"collection":[{"href":"https:\/\/fanfareuid.ch\/wordpress\/wp-json\/wp\/v2\/pages"}],"about":[{"href":"https:\/\/fanfareuid.ch\/wordpress\/wp-json\/wp\/v2\/types\/page"}],"author":[{"embeddable":true,"href":"https:\/\/fanfareuid.ch\/wordpress\/wp-json\/wp\/v2\/users\/1"}],"replies":[{"embeddable":true,"href":"https:\/\/fanfareuid.ch\/wordpress\/wp-json\/wp\/v2\/comments?post=28"}],"version-history":[{"count":138,"href":"https:\/\/fanfareuid.ch\/wordpress\/wp-json\/wp\/v2\/pages\/28\/revisions"}],"predecessor-version":[{"id":5432,"href":"https:\/\/fanfareuid.ch\/wordpress\/wp-json\/wp\/v2\/pages\/28\/revisions\/5432"}],"wp:attachment":[{"href":"https:\/\/fanfareuid.ch\/wordpress\/wp-json\/wp\/v2\/media?parent=28"}],"curies":[{"name":"wp","href":"https:\/\/api.w.org\/{rel}","templated":true}]}}