{"id":126,"date":"2018-09-04T08:31:39","date_gmt":"2018-09-04T08:31:39","guid":{"rendered":"http:\/\/fanfareuid.ch\/wordpress\/?page_id=126"},"modified":"2026-07-01T21:47:49","modified_gmt":"2026-07-01T19:47:49","slug":"accueil","status":"publish","type":"page","link":"https:\/\/fanfareuid.ch\/wordpress\/","title":{"rendered":"NEWS"},"content":{"rendered":"<p><section data-bb-version=\"5.7.0\" id=\"bt_bb_section6a966dffaf64e\" class=\"bt_bb_section bt_bb_layout_boxed_1200 bt_bb_vertical_align_top bt_bb_top_spacing_none bt_bb_bottom_spacing_none bt_bb_negative_margin_\"  data-bt-override-class=\"{&quot;bt_bb_top_spacing_&quot;:{&quot;current_class&quot;:&quot;bt_bb_top_spacing_none&quot;,&quot;def&quot;:&quot;none&quot;},&quot;bt_bb_bottom_spacing_&quot;:{&quot;current_class&quot;:&quot;bt_bb_bottom_spacing_none&quot;,&quot;def&quot;:&quot;none&quot;},&quot;bt_bb_negative_margin_&quot;:{&quot;current_class&quot;:&quot;bt_bb_negative_margin_&quot;,&quot;def&quot;:&quot;&quot;},&quot;bt_bb_animation_&quot;:{&quot;current_class&quot;:&quot;bt_bb_animation_no_animation&quot;,&quot;def&quot;:&quot;no_animation&quot;}}\"><div class=\"bt_bb_port\"><div class=\"bt_bb_cell\"><div class=\"bt_bb_cell_inner\"><div data-bb-version=\"5.7.0\" class=\"bt_bb_row \"  data-bt-override-class=\"{}\"><div class=\"bt_bb_row_holder\" ><div data-bb-version=\"5.7.0\"  class=\"bt_bb_column col-xxl-4 col-xl-4 col-xs-12 col-sm-12 col-md-12 col-lg-4 bt_bb_vertical_align_top bt_bb_align_center bt_bb_padding_normal\" style=\"; --column-width:4;\" data-width=\"4\" data-bt-override-class=\"{&quot;bt_bb_vertical_align_&quot;:{&quot;current_class&quot;:&quot;bt_bb_vertical_align_top&quot;,&quot;def&quot;:&quot;top&quot;},&quot;bt_bb_align_&quot;:{&quot;current_class&quot;:&quot;bt_bb_align_center&quot;,&quot;def&quot;:&quot;center&quot;},&quot;bt_bb_padding_&quot;:{&quot;current_class&quot;:&quot;bt_bb_padding_normal&quot;,&quot;def&quot;:&quot;normal&quot;},&quot;bt_bb_animation_&quot;:{&quot;current_class&quot;:&quot;bt_bb_animation_no_animation&quot;,&quot;def&quot;:&quot;no_animation&quot;}}\"><div class=\"bt_bb_column_content\"><div class=\"bt_bb_column_content_inner\"><\/div><\/div><\/div><div data-bb-version=\"5.7.0\"  class=\"bt_bb_column col-xxl-4 col-xl-4 col-xs-12 col-sm-12 col-md-12 col-lg-4 bt_bb_vertical_align_top bt_bb_align_left bt_bb_padding_normal\" style=\"; --column-width:4;\" data-width=\"4\" data-bt-override-class=\"{}\"><div class=\"bt_bb_column_content\"><div class=\"bt_bb_column_content_inner\"><div data-bb-version=\"5.7.0\" class=\"bt_bb_image bt_bb_shape_square bt_bb_align_inherit bt_bb_hover_style_simple bt_bb_content_display_always bt_bb_content_align_middle bt_bb_remove_padding_yes bt_bb_fill_background_color_full\" data-bt-override-class=\"{&quot;bt_bb_align_&quot;:{&quot;current_class&quot;:&quot;bt_bb_align_inherit&quot;,&quot;def&quot;:&quot;inherit&quot;}}\"><span><img src = \"https:\/\/fanfareuid.ch\/wordpress\/wp-content\/plugins\/bold-page-builder\/img\/blank.gif\" data-full_image_src=\"https:\/\/fanfareuid.ch\/wordpress\/wp-content\/uploads\/2026\/07\/Afffiche1erAout2026_SiteWeb2-pdf.jpg\" data-image_src=\"https:\/\/fanfareuid.ch\/wordpress\/wp-content\/uploads\/2026\/07\/Afffiche1erAout2026_SiteWeb2-pdf.jpg\" title=\"Afffiche1erAout2026_SiteWeb2\" alt=\"https:\/\/fanfareuid.ch\/wordpress\/wp-content\/uploads\/2026\/07\/Afffiche1erAout2026_SiteWeb2-pdf.jpg\" class=\"btLazyLoadImage\"><\/span><\/div><\/div><\/div><\/div><div data-bb-version=\"5.7.0\"  class=\"bt_bb_column col-xxl-4 col-xl-4 col-xs-12 col-sm-12 col-md-12 col-lg-4 bt_bb_vertical_align_top bt_bb_align_left bt_bb_padding_normal\" style=\"; --column-width:4;\" data-width=\"4\" data-bt-override-class=\"{}\"><div class=\"bt_bb_column_content\"><div class=\"bt_bb_column_content_inner\"><\/div><\/div><\/div><\/div><\/div><\/div><!-- cell_inner --><\/div><!-- cell --><\/div><!-- port --><\/section><section data-bb-version=\"5.7.0\" id=\"bt_bb_section6a966dffb1613\" class=\"bt_bb_section bt_bb_layout_boxed_1200 bt_bb_vertical_align_top bt_bb_top_spacing_none bt_bb_bottom_spacing_none bt_bb_negative_margin_\"  data-bt-override-class=\"{&quot;bt_bb_top_spacing_&quot;:{&quot;current_class&quot;:&quot;bt_bb_top_spacing_none&quot;,&quot;def&quot;:&quot;none&quot;},&quot;bt_bb_bottom_spacing_&quot;:{&quot;current_class&quot;:&quot;bt_bb_bottom_spacing_none&quot;,&quot;def&quot;:&quot;none&quot;},&quot;bt_bb_negative_margin_&quot;:{&quot;current_class&quot;:&quot;bt_bb_negative_margin_&quot;,&quot;def&quot;:&quot;&quot;},&quot;bt_bb_animation_&quot;:{&quot;current_class&quot;:&quot;bt_bb_animation_no_animation&quot;,&quot;def&quot;:&quot;no_animation&quot;}}\"><div class=\"bt_bb_port\"><div class=\"bt_bb_cell\"><div class=\"bt_bb_cell_inner\"><div class=\"bt_bb_row \"  data-bt-override-class=\"{}\"><div class=\"bt_bb_row_holder\" ><div data-bb-version=\"5.7.0\"  class=\"bt_bb_column col-xxl-6 col-xl-6 col-xs-12 col-sm-6 col-md-6 col-lg-6 bt_bb_vertical_align_top bt_bb_align_left bt_bb_padding_normal\" style=\"; --column-width:6;\" data-width=\"6\" data-bt-override-class=\"{}\"><div class=\"bt_bb_column_content\"><div class=\"bt_bb_column_content_inner\"><div data-bb-version=\"5.7.0\" class=\"bt_bb_separator bt_bb_border_style_none bt_bb_top_spacing_40 bt_bb_bottom_spacing_\" data-bt-override-class=\"{&quot;bt_bb_top_spacing_&quot;:{&quot;current_class&quot;:&quot;bt_bb_top_spacing_40&quot;,&quot;def&quot;:&quot;40&quot;},&quot;bt_bb_bottom_spacing_&quot;:{&quot;current_class&quot;:&quot;bt_bb_bottom_spacing_&quot;,&quot;def&quot;:&quot;&quot;}}\"><\/div><div data-bb-version=\"5.7.0\" class=\"bt_bb_css_image_grid bt_bb_columns_5 bt_bb_gap_small bt_bb_shape_rounded\" data-columns=\"5\"><div class=\"bt_bb_css_image_grid_content\"><div class=\"bt_bb_css_image_grid_item bt_bb_tile_format_11\" data-src-full=\"https:\/\/fanfareuid.ch\/wordpress\/wp-content\/uploads\/2026\/07\/WhatsApp-Image-2026-06-27-at-22.01.26-1536x1152.jpeg\" title=\"xyz\"><div class=\"bt_bb_css_image_grid_item_inner\"><div class=\"bt_bb_css_image_grid_item_inner_image\"><img decoding=\"async\" src=\"https:\/\/fanfareuid.ch\/wordpress\/wp-content\/uploads\/2026\/07\/WhatsApp-Image-2026-06-27-at-22.01.26-160x160.jpeg\" data-src-full=\"https:\/\/fanfareuid.ch\/wordpress\/wp-content\/uploads\/2026\/07\/WhatsApp-Image-2026-06-27-at-22.01.26-1536x1152.jpeg\" title=\"xyz\" alt=\"xyz\"\/><\/div><div class=\"bt_bb_css_image_grid_item_inner_content\"><\/div><\/div><\/div><div class=\"bt_bb_css_image_grid_item bt_bb_tile_format_11\" data-src-full=\"https:\/\/fanfareuid.ch\/wordpress\/wp-content\/uploads\/2026\/07\/WhatsApp-Image-2026-06-22-at-15.38.17-864x1536.jpeg\" title=\"WhatsApp Image 2026-06-22 at 15.38.17\"><div class=\"bt_bb_css_image_grid_item_inner\"><div class=\"bt_bb_css_image_grid_item_inner_image\"><img decoding=\"async\" src=\"https:\/\/fanfareuid.ch\/wordpress\/wp-content\/uploads\/2026\/07\/WhatsApp-Image-2026-06-22-at-15.38.17-160x160.jpeg\" data-src-full=\"https:\/\/fanfareuid.ch\/wordpress\/wp-content\/uploads\/2026\/07\/WhatsApp-Image-2026-06-22-at-15.38.17-864x1536.jpeg\" title=\"WhatsApp Image 2026-06-22 at 15.38.17\" alt=\"WhatsApp Image 2026-06-22 at 15.38.17\"\/><\/div><div class=\"bt_bb_css_image_grid_item_inner_content\"><\/div><\/div><\/div><div class=\"bt_bb_css_image_grid_item bt_bb_tile_format_11\" data-src-full=\"https:\/\/fanfareuid.ch\/wordpress\/wp-content\/uploads\/2026\/07\/WhatsApp-Image-2026-06-23-at-19.40.11-1536x1152.jpeg\" title=\"WhatsApp Image 2026-06-23 at 19.40.11\"><div class=\"bt_bb_css_image_grid_item_inner\"><div class=\"bt_bb_css_image_grid_item_inner_image\"><img decoding=\"async\" src=\"https:\/\/fanfareuid.ch\/wordpress\/wp-content\/uploads\/2026\/07\/WhatsApp-Image-2026-06-23-at-19.40.11-160x160.jpeg\" data-src-full=\"https:\/\/fanfareuid.ch\/wordpress\/wp-content\/uploads\/2026\/07\/WhatsApp-Image-2026-06-23-at-19.40.11-1536x1152.jpeg\" title=\"WhatsApp Image 2026-06-23 at 19.40.11\" alt=\"WhatsApp Image 2026-06-23 at 19.40.11\"\/><\/div><div class=\"bt_bb_css_image_grid_item_inner_content\"><\/div><\/div><\/div><div class=\"bt_bb_css_image_grid_item bt_bb_tile_format_11\" data-src-full=\"https:\/\/fanfareuid.ch\/wordpress\/wp-content\/uploads\/2026\/07\/WhatsApp-Image-2026-06-22-at-18.40.44-1536x1152.jpeg\" title=\"WhatsApp Image 2026-06-22 at 18.40.44\"><div class=\"bt_bb_css_image_grid_item_inner\"><div class=\"bt_bb_css_image_grid_item_inner_image\"><img decoding=\"async\" src=\"https:\/\/fanfareuid.ch\/wordpress\/wp-content\/uploads\/2026\/07\/WhatsApp-Image-2026-06-22-at-18.40.44-160x160.jpeg\" data-src-full=\"https:\/\/fanfareuid.ch\/wordpress\/wp-content\/uploads\/2026\/07\/WhatsApp-Image-2026-06-22-at-18.40.44-1536x1152.jpeg\" title=\"WhatsApp Image 2026-06-22 at 18.40.44\" alt=\"WhatsApp Image 2026-06-22 at 18.40.44\"\/><\/div><div class=\"bt_bb_css_image_grid_item_inner_content\"><\/div><\/div><\/div><div class=\"bt_bb_css_image_grid_item bt_bb_tile_format_11\" data-src-full=\"https:\/\/fanfareuid.ch\/wordpress\/wp-content\/uploads\/2026\/07\/WhatsApp-Image-2026-06-20-at-10.05.22.jpeg\" title=\"WhatsApp Image 2026-06-20 at 10.05.22\"><div class=\"bt_bb_css_image_grid_item_inner\"><div class=\"bt_bb_css_image_grid_item_inner_image\"><img decoding=\"async\" src=\"https:\/\/fanfareuid.ch\/wordpress\/wp-content\/uploads\/2026\/07\/WhatsApp-Image-2026-06-20-at-10.05.22-160x160.jpeg\" data-src-full=\"https:\/\/fanfareuid.ch\/wordpress\/wp-content\/uploads\/2026\/07\/WhatsApp-Image-2026-06-20-at-10.05.22.jpeg\" title=\"WhatsApp Image 2026-06-20 at 10.05.22\" alt=\"WhatsApp Image 2026-06-20 at 10.05.22\"\/><\/div><div class=\"bt_bb_css_image_grid_item_inner_content\"><\/div><\/div><\/div><div class=\"bt_bb_css_image_grid_item bt_bb_tile_format_11\" data-src-full=\"https:\/\/fanfareuid.ch\/wordpress\/wp-content\/uploads\/2026\/07\/WhatsApp-Image-2026-06-13-at-19.43.53-1536x1152.jpeg\" title=\"WhatsApp Image 2026-06-13 at 19.43.53\"><div class=\"bt_bb_css_image_grid_item_inner\"><div class=\"bt_bb_css_image_grid_item_inner_image\"><img decoding=\"async\" src=\"https:\/\/fanfareuid.ch\/wordpress\/wp-content\/uploads\/2026\/07\/WhatsApp-Image-2026-06-13-at-19.43.53-160x160.jpeg\" data-src-full=\"https:\/\/fanfareuid.ch\/wordpress\/wp-content\/uploads\/2026\/07\/WhatsApp-Image-2026-06-13-at-19.43.53-1536x1152.jpeg\" title=\"WhatsApp Image 2026-06-13 at 19.43.53\" alt=\"WhatsApp Image 2026-06-13 at 19.43.53\"\/><\/div><div class=\"bt_bb_css_image_grid_item_inner_content\"><\/div><\/div><\/div><div class=\"bt_bb_css_image_grid_item bt_bb_tile_format_11\" data-src-full=\"https:\/\/fanfareuid.ch\/wordpress\/wp-content\/uploads\/2026\/07\/WhatsApp-Image-2026-05-24-at-01.49.53-1536x1152.jpeg\" title=\"WhatsApp Image 2026-05-24 at 01.49.53\"><div class=\"bt_bb_css_image_grid_item_inner\"><div class=\"bt_bb_css_image_grid_item_inner_image\"><img decoding=\"async\" src=\"https:\/\/fanfareuid.ch\/wordpress\/wp-content\/uploads\/2026\/07\/WhatsApp-Image-2026-05-24-at-01.49.53-160x160.jpeg\" data-src-full=\"https:\/\/fanfareuid.ch\/wordpress\/wp-content\/uploads\/2026\/07\/WhatsApp-Image-2026-05-24-at-01.49.53-1536x1152.jpeg\" title=\"WhatsApp Image 2026-05-24 at 01.49.53\" alt=\"WhatsApp Image 2026-05-24 at 01.49.53\"\/><\/div><div class=\"bt_bb_css_image_grid_item_inner_content\"><\/div><\/div><\/div><div class=\"bt_bb_css_image_grid_item bt_bb_tile_format_11\" data-src-full=\"https:\/\/fanfareuid.ch\/wordpress\/wp-content\/uploads\/2026\/07\/WhatsApp-Image-2026-05-23-at-10.29.41-1152x1536.jpeg\" title=\"WhatsApp Image 2026-05-23 at 10.29.41\"><div class=\"bt_bb_css_image_grid_item_inner\"><div class=\"bt_bb_css_image_grid_item_inner_image\"><img decoding=\"async\" src=\"https:\/\/fanfareuid.ch\/wordpress\/wp-content\/uploads\/2026\/07\/WhatsApp-Image-2026-05-23-at-10.29.41-160x160.jpeg\" data-src-full=\"https:\/\/fanfareuid.ch\/wordpress\/wp-content\/uploads\/2026\/07\/WhatsApp-Image-2026-05-23-at-10.29.41-1152x1536.jpeg\" title=\"WhatsApp Image 2026-05-23 at 10.29.41\" alt=\"WhatsApp Image 2026-05-23 at 10.29.41\"\/><\/div><div class=\"bt_bb_css_image_grid_item_inner_content\"><\/div><\/div><\/div><div class=\"bt_bb_css_image_grid_item bt_bb_tile_format_11\" data-src-full=\"https:\/\/fanfareuid.ch\/wordpress\/wp-content\/uploads\/2026\/04\/WhatsApp-Image-2026-04-03-at-13.49.42.jpeg\" title=\"WhatsApp Image 2026-04-03 at 13.49.42\"><div class=\"bt_bb_css_image_grid_item_inner\"><div class=\"bt_bb_css_image_grid_item_inner_image\"><img decoding=\"async\" src=\"https:\/\/fanfareuid.ch\/wordpress\/wp-content\/uploads\/2026\/04\/WhatsApp-Image-2026-04-03-at-13.49.42-160x160.jpeg\" data-src-full=\"https:\/\/fanfareuid.ch\/wordpress\/wp-content\/uploads\/2026\/04\/WhatsApp-Image-2026-04-03-at-13.49.42.jpeg\" title=\"WhatsApp Image 2026-04-03 at 13.49.42\" alt=\"WhatsApp Image 2026-04-03 at 13.49.42\"\/><\/div><div class=\"bt_bb_css_image_grid_item_inner_content\"><\/div><\/div><\/div><div class=\"bt_bb_css_image_grid_item bt_bb_tile_format_11\" data-src-full=\"https:\/\/fanfareuid.ch\/wordpress\/wp-content\/uploads\/2026\/04\/concours-1152x1536.jpg\" title=\"concours\"><div class=\"bt_bb_css_image_grid_item_inner\"><div class=\"bt_bb_css_image_grid_item_inner_image\"><img decoding=\"async\" src=\"https:\/\/fanfareuid.ch\/wordpress\/wp-content\/uploads\/2026\/04\/concours-160x160.jpg\" data-src-full=\"https:\/\/fanfareuid.ch\/wordpress\/wp-content\/uploads\/2026\/04\/concours-1152x1536.jpg\" title=\"concours\" alt=\"concours\"\/><\/div><div class=\"bt_bb_css_image_grid_item_inner_content\"><\/div><\/div><\/div><div class=\"bt_bb_css_image_grid_item bt_bb_tile_format_11\" data-src-full=\"https:\/\/fanfareuid.ch\/wordpress\/wp-content\/uploads\/2026\/04\/WhatsApp-Image-2026-04-04-at-09.36.38-1536x1152.jpeg\" title=\"WhatsApp Image 2026-04-04 at 09.36.38\"><div class=\"bt_bb_css_image_grid_item_inner\"><div class=\"bt_bb_css_image_grid_item_inner_image\"><img decoding=\"async\" src=\"https:\/\/fanfareuid.ch\/wordpress\/wp-content\/uploads\/2026\/04\/WhatsApp-Image-2026-04-04-at-09.36.38-160x160.jpeg\" data-src-full=\"https:\/\/fanfareuid.ch\/wordpress\/wp-content\/uploads\/2026\/04\/WhatsApp-Image-2026-04-04-at-09.36.38-1536x1152.jpeg\" title=\"WhatsApp Image 2026-04-04 at 09.36.38\" alt=\"WhatsApp Image 2026-04-04 at 09.36.38\"\/><\/div><div class=\"bt_bb_css_image_grid_item_inner_content\"><\/div><\/div><\/div><div class=\"bt_bb_css_image_grid_item bt_bb_tile_format_11\" data-src-full=\"https:\/\/fanfareuid.ch\/wordpress\/wp-content\/uploads\/2026\/04\/WhatsApp-Image-2026-04-04-at-09.37.59.jpeg\" title=\"WhatsApp Image 2026-04-04 at 09.37.59\"><div class=\"bt_bb_css_image_grid_item_inner\"><div class=\"bt_bb_css_image_grid_item_inner_image\"><img decoding=\"async\" src=\"https:\/\/fanfareuid.ch\/wordpress\/wp-content\/uploads\/2026\/04\/WhatsApp-Image-2026-04-04-at-09.37.59-160x160.jpeg\" data-src-full=\"https:\/\/fanfareuid.ch\/wordpress\/wp-content\/uploads\/2026\/04\/WhatsApp-Image-2026-04-04-at-09.37.59.jpeg\" title=\"WhatsApp Image 2026-04-04 at 09.37.59\" alt=\"WhatsApp Image 2026-04-04 at 09.37.59\"\/><\/div><div class=\"bt_bb_css_image_grid_item_inner_content\"><\/div><\/div><\/div><div class=\"bt_bb_css_image_grid_item bt_bb_tile_format_11\" data-src-full=\"https:\/\/fanfareuid.ch\/wordpress\/wp-content\/uploads\/2026\/02\/Flyer-Chasse-aux-Oeufs_UID2026-1086x1536.jpg\" title=\"Chasse aux oeufs\"><div class=\"bt_bb_css_image_grid_item_inner\"><div class=\"bt_bb_css_image_grid_item_inner_image\"><img decoding=\"async\" src=\"https:\/\/fanfareuid.ch\/wordpress\/wp-content\/uploads\/2026\/02\/Flyer-Chasse-aux-Oeufs_UID2026-160x160.jpg\" data-src-full=\"https:\/\/fanfareuid.ch\/wordpress\/wp-content\/uploads\/2026\/02\/Flyer-Chasse-aux-Oeufs_UID2026-1086x1536.jpg\" title=\"Chasse aux oeufs\" alt=\"Chasse aux oeufs\"\/><\/div><div class=\"bt_bb_css_image_grid_item_inner_content\"><\/div><\/div><\/div><div class=\"bt_bb_css_image_grid_item bt_bb_tile_format_11\" data-src-full=\"https:\/\/fanfareuid.ch\/wordpress\/wp-content\/uploads\/2026\/03\/WhatsApp-Image-2026-03-15-at-13.30.20-1536x692.jpeg\" title=\"WhatsApp Image 2026-03-15 at 13.30.20\"><div class=\"bt_bb_css_image_grid_item_inner\"><div class=\"bt_bb_css_image_grid_item_inner_image\"><img decoding=\"async\" src=\"https:\/\/fanfareuid.ch\/wordpress\/wp-content\/uploads\/2026\/03\/WhatsApp-Image-2026-03-15-at-13.30.20-160x160.jpeg\" data-src-full=\"https:\/\/fanfareuid.ch\/wordpress\/wp-content\/uploads\/2026\/03\/WhatsApp-Image-2026-03-15-at-13.30.20-1536x692.jpeg\" title=\"WhatsApp Image 2026-03-15 at 13.30.20\" alt=\"WhatsApp Image 2026-03-15 at 13.30.20\"\/><\/div><div class=\"bt_bb_css_image_grid_item_inner_content\"><\/div><\/div><\/div><div class=\"bt_bb_css_image_grid_item bt_bb_tile_format_11\" data-src-full=\"https:\/\/fanfareuid.ch\/wordpress\/wp-content\/uploads\/2026\/03\/Capture-decran-2026-03-11-201537.png\" title=\"Capture d\u2019\u00e9cran 2026-03-11 201537\"><div class=\"bt_bb_css_image_grid_item_inner\"><div class=\"bt_bb_css_image_grid_item_inner_image\"><img decoding=\"async\" src=\"https:\/\/fanfareuid.ch\/wordpress\/wp-content\/uploads\/2026\/03\/Capture-decran-2026-03-11-201537-160x160.png\" data-src-full=\"https:\/\/fanfareuid.ch\/wordpress\/wp-content\/uploads\/2026\/03\/Capture-decran-2026-03-11-201537.png\" title=\"Capture d\u2019\u00e9cran 2026-03-11 201537\" alt=\"Capture d\u2019\u00e9cran 2026-03-11 201537\"\/><\/div><div class=\"bt_bb_css_image_grid_item_inner_content\"><\/div><\/div><\/div><div class=\"bt_bb_css_image_grid_item bt_bb_tile_format_11\" data-src-full=\"https:\/\/fanfareuid.ch\/wordpress\/wp-content\/uploads\/2026\/02\/WhatsApp-Image-2026-02-15-at-16.42.39-1536x710.jpeg\" title=\"Carnaval 2026\"><div class=\"bt_bb_css_image_grid_item_inner\"><div class=\"bt_bb_css_image_grid_item_inner_image\"><img decoding=\"async\" src=\"https:\/\/fanfareuid.ch\/wordpress\/wp-content\/uploads\/2026\/02\/WhatsApp-Image-2026-02-15-at-16.42.39-e1771675169640-160x160.jpeg\" data-src-full=\"https:\/\/fanfareuid.ch\/wordpress\/wp-content\/uploads\/2026\/02\/WhatsApp-Image-2026-02-15-at-16.42.39-1536x710.jpeg\" title=\"Carnaval 2026\" alt=\"Carnaval 2026\"\/><\/div><div class=\"bt_bb_css_image_grid_item_inner_content\"><\/div><\/div><\/div><div class=\"bt_bb_css_image_grid_item bt_bb_tile_format_11\" data-src-full=\"https:\/\/fanfareuid.ch\/wordpress\/wp-content\/uploads\/2026\/01\/DSC_2873-scaled-e1772282707654-1109x1536.jpg\" title=\"Nos deux jubilaires\"><div class=\"bt_bb_css_image_grid_item_inner\"><div class=\"bt_bb_css_image_grid_item_inner_image\"><img decoding=\"async\" src=\"https:\/\/fanfareuid.ch\/wordpress\/wp-content\/uploads\/2026\/01\/DSC_2873-scaled-e1772282707654-160x160.jpg\" data-src-full=\"https:\/\/fanfareuid.ch\/wordpress\/wp-content\/uploads\/2026\/01\/DSC_2873-scaled-e1772282707654-1109x1536.jpg\" title=\"Nos deux jubilaires\" alt=\"Nos deux jubilaires\"\/><\/div><div class=\"bt_bb_css_image_grid_item_inner_content\"><\/div><\/div><\/div><div class=\"bt_bb_css_image_grid_item bt_bb_tile_format_11\" data-src-full=\"https:\/\/fanfareuid.ch\/wordpress\/wp-content\/uploads\/2026\/01\/IMG_6647-1152x1536.jpeg\" title=\"La F\u00eate des Rois \u00e0 St-Georges\"><div class=\"bt_bb_css_image_grid_item_inner\"><div class=\"bt_bb_css_image_grid_item_inner_image\"><img decoding=\"async\" src=\"https:\/\/fanfareuid.ch\/wordpress\/wp-content\/uploads\/2026\/01\/IMG_6647-160x160.jpeg\" data-src-full=\"https:\/\/fanfareuid.ch\/wordpress\/wp-content\/uploads\/2026\/01\/IMG_6647-1152x1536.jpeg\" title=\"La F\u00eate des Rois \u00e0 St-Georges\" alt=\"La F\u00eate des Rois \u00e0 St-Georges\"\/><\/div><div class=\"bt_bb_css_image_grid_item_inner_content\"><\/div><\/div><\/div><div class=\"bt_bb_css_image_grid_item bt_bb_tile_format_11\" data-src-full=\"https:\/\/fanfareuid.ch\/wordpress\/wp-content\/uploads\/2026\/01\/11276-1086x1536.png\" title=\"11276\"><div class=\"bt_bb_css_image_grid_item_inner\"><div class=\"bt_bb_css_image_grid_item_inner_image\"><img decoding=\"async\" src=\"https:\/\/fanfareuid.ch\/wordpress\/wp-content\/uploads\/2026\/01\/11276-160x160.png\" data-src-full=\"https:\/\/fanfareuid.ch\/wordpress\/wp-content\/uploads\/2026\/01\/11276-1086x1536.png\" title=\"11276\" alt=\"11276\"\/><\/div><div class=\"bt_bb_css_image_grid_item_inner_content\"><\/div><\/div><\/div><\/div><\/div><\/div><\/div><\/div><div data-bb-version=\"5.7.0\"  class=\"bt_bb_column col-xxl-6 col-xl-6 col-xs-12 col-sm-6 col-md-6 col-lg-6 bt_bb_vertical_align_top bt_bb_align_left bt_bb_padding_normal\" style=\"; --column-width:6;\" data-width=\"6\" data-bt-override-class=\"{}\"><div class=\"bt_bb_column_content\"><div class=\"bt_bb_column_content_inner\"><div data-bb-version=\"5.7.0\" class=\"bt_bb_separator bt_bb_border_style_none bt_bb_top_spacing_40 bt_bb_bottom_spacing_\" data-bt-override-class=\"{&quot;bt_bb_top_spacing_&quot;:{&quot;current_class&quot;:&quot;bt_bb_top_spacing_40&quot;,&quot;def&quot;:&quot;40&quot;},&quot;bt_bb_bottom_spacing_&quot;:{&quot;current_class&quot;:&quot;bt_bb_bottom_spacing_&quot;,&quot;def&quot;:&quot;&quot;}}\"><\/div><div data-bb-version=\"5.7.0\"  class=\"bt_bb_text\" ><\/p>\n<h3>Ev\u00e9nements 2026<\/h3>\n<ul>\n<li><strong><span style=\"color: #008000;\">27 juin<\/span> <\/strong>: Aubade d&rsquo;Union d&rsquo;Avenir dans les jardins du Ch\u00e2teau \u00ab\u00a0au frais\u00a0\u00bb, en compagnie des Lutins musiciens.<\/li>\n<li><span style=\"color: #333333;\"><span style=\"color: #008000;\"><strong>20-21 juin<\/strong><\/span> : Vir\u00e9e dans la r\u00e9gion lyonnaise avec la Philharmonie de Belleville<\/span><\/li>\n<li><span style=\"color: #333333;\"><span style=\"color: #008000;\"><strong>13 juin <\/strong><\/span>: Concours du FSMDD \u00e0 Courfaivre, qui r\u00e9unit les soci\u00e9t\u00e9s du District de Del\u00e9mont<\/span><\/li>\n<li><span style=\"color: #333333;\"><span style=\"color: #008000;\"><strong>4 juin<\/strong><\/span>&nbsp;: Animation de la messe de la F\u00eate Dieu et cort\u00e8ge \u00e0 travers les ruelles de la Vieille Ville<\/span><\/li>\n<li><span style=\"color: #333333;\"><span style=\"color: #008000;\"><strong>22-24<\/strong>&nbsp;<strong>mai<\/strong> <span style=\"color: #333333;\">: Danse sur la Doux, pa\u00eblla et musique \u00e0 la tonnelle UIDienne<\/span><\/span><\/span><\/li>\n<li><span style=\"color: #ffcc00;\"><strong><span style=\"color: #008000;\">9 mai <\/span><\/strong><\/span><span style=\"color: #333333;\">: Aubade \u00e0 l&rsquo;occasion de la F\u00eate des m\u00e8res sur la Place Roland B\u00e9guelin<\/span><\/li>\n<li><span style=\"color: #008000;\"><strong>25 avril <\/strong><\/span><span style=\"color: #333333;\">: A<\/span>udition des jeunes musiciens UID<\/li>\n<li><span style=\"color: #008000;\"><strong>4 avril <\/strong><\/span><span style=\"color: #333333;\">: Chasse aux \u0153ufs organis\u00e9e par le comit\u00e9 La Partition pour les 2-9 ans<\/span><\/li>\n<li><span style=\"color: #333333;\"><span style=\"color: #008000;\"><strong>13-15 mars <\/strong><span style=\"color: #333333;\">: Camp de ski sur<\/span><\/span> les pentes de Leysin<\/span><\/li>\n<li><strong><span style=\"color: #008000;\">7 mars <\/span><\/strong><span style=\"color: #333333;\">: BRAVO au trio Clarinettissimo et Lucien, premiers de leur cat\u00e9gorie, ainsi qu&rsquo;\u00e0 tous les participants au concours CJSE!<\/span><\/li>\n<li><span style=\"color: #333333;\"><span style=\"color: #008000;\"><strong>15 f\u00e9vrier <\/strong><\/span>: Carnaval de Trissville<\/span><\/li>\n<li><span style=\"color: #333333;\"><span style=\"color: #008000;\"><strong>30 janvier <\/strong><span style=\"color: #333333;\">: Assembl\u00e9e g\u00e9n\u00e9rale de l&rsquo;UID<\/span><\/span><\/span><\/li>\n<li><span style=\"color: #333333;\"><span style=\"color: #008000;\"><strong>11 janvier <\/strong><\/span>: Deux nouvelles m\u00e9daill\u00e9es FJM, Caroline et Laetitia<\/span><\/li>\n<li><span style=\"color: #333333;\"><span style=\"color: #008000;\"><strong>6 janvier <\/strong><\/span>: F\u00eate des Rois\/F\u00eate de la Ville de Del\u00e9mont<\/span><\/li>\n<\/ul>\n<p>\n<\/div><\/div><\/div><\/div><\/div><\/div><\/div><!-- cell_inner --><\/div><!-- cell --><\/div><!-- port --><\/section><section data-bb-version=\"5.3.0\" id=\"bt_bb_section6a966dffba22d\" class=\"bt_bb_section bt_bb_layout_boxed_1200\"  data-bt-override-class=\"null\"><div class=\"bt_bb_port\"><div class=\"bt_bb_cell\"><div class=\"bt_bb_cell_inner\"><div class=\"bt_bb_row \"  data-bt-override-class=\"{}\"><div class=\"bt_bb_row_holder\" ><div data-bb-version=\"5.3.0\"  class=\"bt_bb_column col-xxl-4 col-xl-4 col-xs-12 col-sm-12 col-md-12 col-lg-4 bt_bb_vertical_align_top bt_bb_align_right bt_bb_padding_normal\" style=\"; --column-width:4;\" data-width=\"4\" data-bt-override-class=\"{&quot;bt_bb_align_&quot;:{&quot;current_class&quot;:&quot;bt_bb_align_right&quot;,&quot;def&quot;:&quot;right&quot;},&quot;bt_bb_padding_&quot;:{&quot;current_class&quot;:&quot;bt_bb_padding_normal&quot;,&quot;def&quot;:&quot;normal&quot;},&quot;bt_bb_animation_&quot;:{&quot;current_class&quot;:&quot;bt_bb_animation_no_animation&quot;,&quot;def&quot;:&quot;no_animation&quot;}}\"><div class=\"bt_bb_column_content\"><div class=\"bt_bb_column_content_inner\"><div data-bb-version=\"5.3.0\" class=\"bt_bb_separator bt_bb_border_style_none bt_bb_top_spacing_ bt_bb_bottom_spacing_40\" data-bt-override-class=\"{&quot;bt_bb_top_spacing_&quot;:{&quot;current_class&quot;:&quot;bt_bb_top_spacing_&quot;,&quot;def&quot;:&quot;&quot;},&quot;bt_bb_bottom_spacing_&quot;:{&quot;current_class&quot;:&quot;bt_bb_bottom_spacing_40&quot;,&quot;def&quot;:&quot;40&quot;}}\"><\/div><div data-bb-version=\"5.4.7\"  class=\"bt_bb_text\" ><\/p>\n<h2>&nbsp;<\/h2>\n<p><img loading=\"lazy\" decoding=\"async\" class=\"wp-image-5359 aligncenter\" src=\"https:\/\/fanfareuid.ch\/wordpress\/wp-content\/uploads\/2026\/01\/IMG-20251109-WA0027-640x360.jpg\" alt=\"\" width=\"1098\" height=\"618\" srcset=\"https:\/\/fanfareuid.ch\/wordpress\/wp-content\/uploads\/2026\/01\/IMG-20251109-WA0027-640x360.jpg 640w, https:\/\/fanfareuid.ch\/wordpress\/wp-content\/uploads\/2026\/01\/IMG-20251109-WA0027-1280x720.jpg 1280w, https:\/\/fanfareuid.ch\/wordpress\/wp-content\/uploads\/2026\/01\/IMG-20251109-WA0027-768x432.jpg 768w, https:\/\/fanfareuid.ch\/wordpress\/wp-content\/uploads\/2026\/01\/IMG-20251109-WA0027-1536x864.jpg 1536w, https:\/\/fanfareuid.ch\/wordpress\/wp-content\/uploads\/2026\/01\/IMG-20251109-WA0027-320x180.jpg 320w, https:\/\/fanfareuid.ch\/wordpress\/wp-content\/uploads\/2026\/01\/IMG-20251109-WA0027.jpg 1600w\" sizes=\"auto, (max-width: 1098px) 100vw, 1098px\" \/><\/p>\n<p>\n<\/div><\/div><\/div><\/div><div data-bb-version=\"5.4.7\"  class=\"bt_bb_column col-xxl-4 col-xl-4 col-xs-12 col-sm-12 col-md-12 col-lg-4 bt_bb_vertical_align_top bt_bb_align_left bt_bb_padding_normal\" style=\"; --column-width:4;\" data-width=\"4\" data-bt-override-class=\"{}\"><div class=\"bt_bb_column_content\"><div class=\"bt_bb_column_content_inner\"><div data-bb-version=\"5.3.0\" class=\"bt_bb_separator bt_bb_border_style_none bt_bb_top_spacing_ bt_bb_bottom_spacing_40\" data-bt-override-class=\"{&quot;bt_bb_top_spacing_&quot;:{&quot;current_class&quot;:&quot;bt_bb_top_spacing_&quot;,&quot;def&quot;:&quot;&quot;},&quot;bt_bb_bottom_spacing_&quot;:{&quot;current_class&quot;:&quot;bt_bb_bottom_spacing_40&quot;,&quot;def&quot;:&quot;40&quot;}}\"><\/div><div data-bb-version=\"5.3.0\"  class=\"bt_bb_text\" ><\/p>\n<h3 style=\"text-align: center;\">Quant aux Cadets UID<\/h3>\n<h3 style=\"text-align: center;\">Union d&rsquo;Avenir<\/h3>\n<p>L&rsquo;exp\u00e9rience avec les copains de Musicavenir continuera en 2026. Un comit\u00e9 Union d&rsquo;Avenir a \u00e9t\u00e9 cr\u00e9\u00e9 et organisera les divers \u00e9v\u00e9nements de cet ensemble. C&rsquo;est Marinel Mittempergher qui sera aux manettes. Vous pourrez les entendre le:<\/p>\n<ul>\n<li><strong>18 avril<\/strong> \u00e0 20h00: 1\u00e8re partie du concert annuel de la Fanfare de Court\u00e9telle<\/li>\n<li><strong>27 juin<\/strong> d\u00e8s 17h00: aubade d&rsquo;\u00e9t\u00e9 dans les Jardins du Ch\u00e2teau de Del\u00e9mont<\/li>\n<li><strong>3 juillet<\/strong> d\u00e8s 18h00: aubade d&rsquo;\u00e9t\u00e9 \u00e0 Court\u00e9telle<\/li>\n<\/ul>\n<p>\n<\/div><\/div><\/div><\/div><div data-bb-version=\"5.3.0\"  class=\"bt_bb_column col-xxl-4 col-xl-4 col-xs-12 col-sm-12 col-md-12 col-lg-4 bt_bb_vertical_align_top bt_bb_align_left bt_bb_padding_normal\" style=\"; --column-width:4;\" data-width=\"4\" data-bt-override-class=\"{}\"><div class=\"bt_bb_column_content\"><div class=\"bt_bb_column_content_inner\"><div data-bb-version=\"5.3.0\" class=\"bt_bb_separator bt_bb_border_style_none bt_bb_top_spacing_ bt_bb_bottom_spacing_40\" data-bt-override-class=\"{&quot;bt_bb_top_spacing_&quot;:{&quot;current_class&quot;:&quot;bt_bb_top_spacing_&quot;,&quot;def&quot;:&quot;&quot;},&quot;bt_bb_bottom_spacing_&quot;:{&quot;current_class&quot;:&quot;bt_bb_bottom_spacing_40&quot;,&quot;def&quot;:&quot;40&quot;}}\"><\/div><div data-bb-version=\"5.4.7\"  class=\"bt_bb_text\" ><\/p>\n<p>\n&nbsp;<\/p>\n<p><img loading=\"lazy\" decoding=\"async\" class=\"alignnone size-medium wp-image-5372 aligncenter\" src=\"https:\/\/fanfareuid.ch\/wordpress\/wp-content\/uploads\/2026\/01\/logo_union_davenir-640x461.png\" alt=\"\" width=\"640\" height=\"461\" srcset=\"https:\/\/fanfareuid.ch\/wordpress\/wp-content\/uploads\/2026\/01\/logo_union_davenir-640x461.png 640w, https:\/\/fanfareuid.ch\/wordpress\/wp-content\/uploads\/2026\/01\/logo_union_davenir-1280x923.png 1280w, https:\/\/fanfareuid.ch\/wordpress\/wp-content\/uploads\/2026\/01\/logo_union_davenir-768x554.png 768w, https:\/\/fanfareuid.ch\/wordpress\/wp-content\/uploads\/2026\/01\/logo_union_davenir-1536x1107.png 1536w, https:\/\/fanfareuid.ch\/wordpress\/wp-content\/uploads\/2026\/01\/logo_union_davenir-2048x1476.png 2048w, https:\/\/fanfareuid.ch\/wordpress\/wp-content\/uploads\/2026\/01\/logo_union_davenir-320x231.png 320w\" sizes=\"auto, (max-width: 640px) 100vw, 640px\" \/><\/p>\n<p>\n<\/div><\/div><\/div><\/div><\/div><\/div><\/div><!-- cell_inner --><\/div><!-- cell --><\/div><!-- port --><\/section><section data-bb-version=\"5.3.0\" id=\"bt_bb_section6a966dffbb24f\" class=\"bt_bb_section bt_bb_layout_boxed_1200\"  data-bt-override-class=\"null\"><div class=\"bt_bb_port\"><div class=\"bt_bb_cell\"><div class=\"bt_bb_cell_inner\"><div class=\"bt_bb_row \"  data-bt-override-class=\"{}\"><div class=\"bt_bb_row_holder\" ><div data-bb-version=\"5.3.0\"  class=\"bt_bb_column col-xxl-6 col-xl-6 col-xs-12 col-sm-6 col-md-6 col-lg-6 bt_bb_vertical_align_top bt_bb_align_left bt_bb_padding_normal\" style=\"; --column-width:6;\" data-width=\"6\" data-bt-override-class=\"{}\"><div class=\"bt_bb_column_content\"><div class=\"bt_bb_column_content_inner\"><div data-bb-version=\"5.3.0\" class=\"bt_bb_separator bt_bb_border_style_none bt_bb_top_spacing_ bt_bb_bottom_spacing_40\" data-bt-override-class=\"{&quot;bt_bb_top_spacing_&quot;:{&quot;current_class&quot;:&quot;bt_bb_top_spacing_&quot;,&quot;def&quot;:&quot;&quot;},&quot;bt_bb_bottom_spacing_&quot;:{&quot;current_class&quot;:&quot;bt_bb_bottom_spacing_40&quot;,&quot;def&quot;:&quot;40&quot;}}\"><\/div><div data-bb-version=\"5.3.0\"  class=\"bt_bb_text\" ><\/p>\n<h3>Chez les tout petits<\/h3>\n<ul>\n<li>4 classes de<span style=\"color: #ffcc00;\"> Lutins Musiciens<\/span> destin\u00e9es au 3-6 ans ont commenc\u00e9 ce semestre<\/li>\n<li>En projet: ouvrir 1 classe d&rsquo;<span style=\"color: #ffcc00;\">Aventuriers du Solf\u00e8ge<\/span> pour tous les jeunes commen\u00e7ant avec leur instrument.<\/li>\n<\/ul>\n<p>\n<\/div><\/div><\/div><\/div><div data-bb-version=\"5.3.0\"  class=\"bt_bb_column col-xxl-6 col-xl-6 col-xs-12 col-sm-6 col-md-6 col-lg-6 bt_bb_vertical_align_top bt_bb_align_left bt_bb_padding_normal\" style=\"; --column-width:6;\" data-width=\"6\" data-bt-override-class=\"{}\"><div class=\"bt_bb_column_content\"><div class=\"bt_bb_column_content_inner\"><div data-bb-version=\"5.4.7\"  class=\"bt_bb_text\" ><\/p>\n<p>\n<img loading=\"lazy\" decoding=\"async\" class=\" wp-image-5283 aligncenter\" src=\"https:\/\/fanfareuid.ch\/wordpress\/wp-content\/uploads\/2025\/09\/twb4_4hyx_210519-640x287.jpg\" alt=\"\" width=\"448\" height=\"201\" srcset=\"https:\/\/fanfareuid.ch\/wordpress\/wp-content\/uploads\/2025\/09\/twb4_4hyx_210519-640x287.jpg 640w, https:\/\/fanfareuid.ch\/wordpress\/wp-content\/uploads\/2025\/09\/twb4_4hyx_210519-1280x573.jpg 1280w, https:\/\/fanfareuid.ch\/wordpress\/wp-content\/uploads\/2025\/09\/twb4_4hyx_210519-768x344.jpg 768w, https:\/\/fanfareuid.ch\/wordpress\/wp-content\/uploads\/2025\/09\/twb4_4hyx_210519-1536x688.jpg 1536w, https:\/\/fanfareuid.ch\/wordpress\/wp-content\/uploads\/2025\/09\/twb4_4hyx_210519-2048x918.jpg 2048w, https:\/\/fanfareuid.ch\/wordpress\/wp-content\/uploads\/2025\/09\/twb4_4hyx_210519-320x143.jpg 320w\" sizes=\"auto, (max-width: 448px) 100vw, 448px\" \/><\/p>\n<p>\n<\/div><\/div><\/div><\/div><\/div><\/div><\/div><!-- cell_inner --><\/div><!-- cell --><\/div><!-- port --><\/section><\/p>\n","protected":false},"excerpt":{"rendered":"","protected":false},"author":1,"featured_media":0,"parent":0,"menu_order":0,"comment_status":"closed","ping_status":"closed","template":"","meta":{"_acf_changed":false,"ngg_post_thumbnail":0,"footnotes":""},"class_list":["post-126","page","type-page","status-publish","hentry"],"yoast_head":"<!-- This site is optimized with the Yoast SEO plugin v27.2 - https:\/\/yoast.com\/product\/yoast-seo-wordpress\/ -->\n<title>NEWS - Fanfare Union Instrumentale Del\u00e9mont<\/title>\n<meta name=\"description\" content=\"Page d&#039;accueil de la fanfare UID de Del\u00e9mont\" \/>\n<meta name=\"robots\" content=\"index, follow, max-snippet:-1, max-image-preview:large, max-video-preview:-1\" \/>\n<link rel=\"canonical\" href=\"https:\/\/fanfareuid.ch\/wordpress\/\" \/>\n<meta property=\"og:locale\" content=\"fr_FR\" \/>\n<meta property=\"og:type\" content=\"article\" \/>\n<meta property=\"og:title\" content=\"NEWS - Fanfare Union Instrumentale Del\u00e9mont\" \/>\n<meta property=\"og:description\" content=\"Page d&#039;accueil de la fanfare UID de Del\u00e9mont\" \/>\n<meta property=\"og:url\" content=\"https:\/\/fanfareuid.ch\/wordpress\/\" \/>\n<meta property=\"og:site_name\" content=\"Fanfare Union Instrumentale Del\u00e9mont\" \/>\n<meta property=\"article:modified_time\" content=\"2026-07-01T19:47:49+00:00\" \/>\n<meta property=\"og:image\" content=\"https:\/\/fanfareuid.ch\/wordpress\/wp-content\/uploads\/2026\/01\/IMG-20251109-WA0027-640x360.jpg\" \/>\n<script type=\"application\/ld+json\" class=\"yoast-schema-graph\">{\"@context\":\"https:\/\/schema.org\",\"@graph\":[{\"@type\":\"WebPage\",\"@id\":\"https:\/\/fanfareuid.ch\/wordpress\/\",\"url\":\"https:\/\/fanfareuid.ch\/wordpress\/\",\"name\":\"NEWS - Fanfare Union Instrumentale Del\u00e9mont\",\"isPartOf\":{\"@id\":\"https:\/\/fanfareuid.ch\/wordpress\/#website\"},\"primaryImageOfPage\":{\"@id\":\"https:\/\/fanfareuid.ch\/wordpress\/#primaryimage\"},\"image\":{\"@id\":\"https:\/\/fanfareuid.ch\/wordpress\/#primaryimage\"},\"thumbnailUrl\":\"https:\/\/fanfareuid.ch\/wordpress\/wp-content\/uploads\/2026\/01\/IMG-20251109-WA0027-640x360.jpg\",\"datePublished\":\"2018-09-04T08:31:39+00:00\",\"dateModified\":\"2026-07-01T19:47:49+00:00\",\"description\":\"Page d'accueil de la fanfare UID de Del\u00e9mont\",\"breadcrumb\":{\"@id\":\"https:\/\/fanfareuid.ch\/wordpress\/#breadcrumb\"},\"inLanguage\":\"fr-FR\",\"potentialAction\":[{\"@type\":\"ReadAction\",\"target\":[\"https:\/\/fanfareuid.ch\/wordpress\/\"]}]},{\"@type\":\"ImageObject\",\"inLanguage\":\"fr-FR\",\"@id\":\"https:\/\/fanfareuid.ch\/wordpress\/#primaryimage\",\"url\":\"https:\/\/fanfareuid.ch\/wordpress\/wp-content\/uploads\/2026\/01\/IMG-20251109-WA0027.jpg\",\"contentUrl\":\"https:\/\/fanfareuid.ch\/wordpress\/wp-content\/uploads\/2026\/01\/IMG-20251109-WA0027.jpg\",\"width\":1600,\"height\":900},{\"@type\":\"BreadcrumbList\",\"@id\":\"https:\/\/fanfareuid.ch\/wordpress\/#breadcrumb\",\"itemListElement\":[{\"@type\":\"ListItem\",\"position\":1,\"name\":\"Accueil\",\"item\":\"https:\/\/fanfareuid.ch\/wordpress\/\"},{\"@type\":\"ListItem\",\"position\":2,\"name\":\"NEWS\"}]},{\"@type\":\"WebSite\",\"@id\":\"https:\/\/fanfareuid.ch\/wordpress\/#website\",\"url\":\"https:\/\/fanfareuid.ch\/wordpress\/\",\"name\":\"Fanfare Union Instrumentale Del\u00e9mont\",\"description\":\"La fanfare de Del\u00e9mont !\",\"publisher\":{\"@id\":\"https:\/\/fanfareuid.ch\/wordpress\/#organization\"},\"potentialAction\":[{\"@type\":\"SearchAction\",\"target\":{\"@type\":\"EntryPoint\",\"urlTemplate\":\"https:\/\/fanfareuid.ch\/wordpress\/?s={search_term_string}\"},\"query-input\":{\"@type\":\"PropertyValueSpecification\",\"valueRequired\":true,\"valueName\":\"search_term_string\"}}],\"inLanguage\":\"fr-FR\"},{\"@type\":\"Organization\",\"@id\":\"https:\/\/fanfareuid.ch\/wordpress\/#organization\",\"name\":\"Union Instrumentale Delemont\",\"url\":\"https:\/\/fanfareuid.ch\/wordpress\/\",\"logo\":{\"@type\":\"ImageObject\",\"inLanguage\":\"fr-FR\",\"@id\":\"https:\/\/fanfareuid.ch\/wordpress\/#\/schema\/logo\/image\/\",\"url\":\"https:\/\/fanfareuid.ch\/wordpress\/wp-content\/uploads\/2019\/09\/LogoUID.png\",\"contentUrl\":\"https:\/\/fanfareuid.ch\/wordpress\/wp-content\/uploads\/2019\/09\/LogoUID.png\",\"width\":391,\"height\":206,\"caption\":\"Union Instrumentale Delemont\"},\"image\":{\"@id\":\"https:\/\/fanfareuid.ch\/wordpress\/#\/schema\/logo\/image\/\"}}]}<\/script>\n<!-- \/ Yoast SEO plugin. -->","yoast_head_json":{"title":"NEWS - Fanfare Union Instrumentale Del\u00e9mont","description":"Page d'accueil de la fanfare UID de Del\u00e9mont","robots":{"index":"index","follow":"follow","max-snippet":"max-snippet:-1","max-image-preview":"max-image-preview:large","max-video-preview":"max-video-preview:-1"},"canonical":"https:\/\/fanfareuid.ch\/wordpress\/","og_locale":"fr_FR","og_type":"article","og_title":"NEWS - Fanfare Union Instrumentale Del\u00e9mont","og_description":"Page d'accueil de la fanfare UID de Del\u00e9mont","og_url":"https:\/\/fanfareuid.ch\/wordpress\/","og_site_name":"Fanfare Union Instrumentale Del\u00e9mont","article_modified_time":"2026-07-01T19:47:49+00:00","og_image":[{"url":"https:\/\/fanfareuid.ch\/wordpress\/wp-content\/uploads\/2026\/01\/IMG-20251109-WA0027-640x360.jpg","type":"","width":"","height":""}],"schema":{"@context":"https:\/\/schema.org","@graph":[{"@type":"WebPage","@id":"https:\/\/fanfareuid.ch\/wordpress\/","url":"https:\/\/fanfareuid.ch\/wordpress\/","name":"NEWS - Fanfare Union Instrumentale Del\u00e9mont","isPartOf":{"@id":"https:\/\/fanfareuid.ch\/wordpress\/#website"},"primaryImageOfPage":{"@id":"https:\/\/fanfareuid.ch\/wordpress\/#primaryimage"},"image":{"@id":"https:\/\/fanfareuid.ch\/wordpress\/#primaryimage"},"thumbnailUrl":"https:\/\/fanfareuid.ch\/wordpress\/wp-content\/uploads\/2026\/01\/IMG-20251109-WA0027-640x360.jpg","datePublished":"2018-09-04T08:31:39+00:00","dateModified":"2026-07-01T19:47:49+00:00","description":"Page d'accueil de la fanfare UID de Del\u00e9mont","breadcrumb":{"@id":"https:\/\/fanfareuid.ch\/wordpress\/#breadcrumb"},"inLanguage":"fr-FR","potentialAction":[{"@type":"ReadAction","target":["https:\/\/fanfareuid.ch\/wordpress\/"]}]},{"@type":"ImageObject","inLanguage":"fr-FR","@id":"https:\/\/fanfareuid.ch\/wordpress\/#primaryimage","url":"https:\/\/fanfareuid.ch\/wordpress\/wp-content\/uploads\/2026\/01\/IMG-20251109-WA0027.jpg","contentUrl":"https:\/\/fanfareuid.ch\/wordpress\/wp-content\/uploads\/2026\/01\/IMG-20251109-WA0027.jpg","width":1600,"height":900},{"@type":"BreadcrumbList","@id":"https:\/\/fanfareuid.ch\/wordpress\/#breadcrumb","itemListElement":[{"@type":"ListItem","position":1,"name":"Accueil","item":"https:\/\/fanfareuid.ch\/wordpress\/"},{"@type":"ListItem","position":2,"name":"NEWS"}]},{"@type":"WebSite","@id":"https:\/\/fanfareuid.ch\/wordpress\/#website","url":"https:\/\/fanfareuid.ch\/wordpress\/","name":"Fanfare Union Instrumentale Del\u00e9mont","description":"La fanfare de Del\u00e9mont !","publisher":{"@id":"https:\/\/fanfareuid.ch\/wordpress\/#organization"},"potentialAction":[{"@type":"SearchAction","target":{"@type":"EntryPoint","urlTemplate":"https:\/\/fanfareuid.ch\/wordpress\/?s={search_term_string}"},"query-input":{"@type":"PropertyValueSpecification","valueRequired":true,"valueName":"search_term_string"}}],"inLanguage":"fr-FR"},{"@type":"Organization","@id":"https:\/\/fanfareuid.ch\/wordpress\/#organization","name":"Union Instrumentale Delemont","url":"https:\/\/fanfareuid.ch\/wordpress\/","logo":{"@type":"ImageObject","inLanguage":"fr-FR","@id":"https:\/\/fanfareuid.ch\/wordpress\/#\/schema\/logo\/image\/","url":"https:\/\/fanfareuid.ch\/wordpress\/wp-content\/uploads\/2019\/09\/LogoUID.png","contentUrl":"https:\/\/fanfareuid.ch\/wordpress\/wp-content\/uploads\/2019\/09\/LogoUID.png","width":391,"height":206,"caption":"Union Instrumentale Delemont"},"image":{"@id":"https:\/\/fanfareuid.ch\/wordpress\/#\/schema\/logo\/image\/"}}]}},"acf":[],"_links":{"self":[{"href":"https:\/\/fanfareuid.ch\/wordpress\/wp-json\/wp\/v2\/pages\/126","targetHints":{"allow":["GET"]}}],"collection":[{"href":"https:\/\/fanfareuid.ch\/wordpress\/wp-json\/wp\/v2\/pages"}],"about":[{"href":"https:\/\/fanfareuid.ch\/wordpress\/wp-json\/wp\/v2\/types\/page"}],"author":[{"embeddable":true,"href":"https:\/\/fanfareuid.ch\/wordpress\/wp-json\/wp\/v2\/users\/1"}],"replies":[{"embeddable":true,"href":"https:\/\/fanfareuid.ch\/wordpress\/wp-json\/wp\/v2\/comments?post=126"}],"version-history":[{"count":261,"href":"https:\/\/fanfareuid.ch\/wordpress\/wp-json\/wp\/v2\/pages\/126\/revisions"}],"predecessor-version":[{"id":5412,"href":"https:\/\/fanfareuid.ch\/wordpress\/wp-json\/wp\/v2\/pages\/126\/revisions\/5412"}],"wp:attachment":[{"href":"https:\/\/fanfareuid.ch\/wordpress\/wp-json\/wp\/v2\/media?parent=126"}],"curies":[{"name":"wp","href":"https:\/\/api.w.org\/{rel}","templated":true}]}}